{"id":3403,"date":"2022-07-29T16:50:11","date_gmt":"2022-07-29T19:50:11","guid":{"rendered":"https:\/\/murilorubiao.com.br\/?page_id=3403"},"modified":"2022-08-15T22:35:59","modified_gmt":"2022-08-16T01:35:59","slug":"vida-publica","status":"publish","type":"page","link":"https:\/\/murilorubiao.com.br\/index.php\/galeria\/vida-publica","title":{"rendered":"Vida p\u00fablica"},"content":{"rendered":"\t\t<div data-elementor-type=\"wp-post\" data-elementor-id=\"3403\" class=\"elementor elementor-3403\">\n\t\t\t\t\t\t<section class=\"elementor-section elementor-top-section elementor-element elementor-element-f2933c9 elementor-section-boxed elementor-section-height-default elementor-section-height-default\" data-id=\"f2933c9\" data-element_type=\"section\">\n\t\t\t\t\t\t<div class=\"elementor-container elementor-column-gap-default\">\n\t\t\t\t\t<div class=\"elementor-column elementor-col-100 elementor-top-column elementor-element elementor-element-fcdc5d5\" data-id=\"fcdc5d5\" data-element_type=\"column\">\n\t\t\t<div class=\"elementor-widget-wrap elementor-element-populated\">\n\t\t\t\t\t\t<div class=\"elementor-element elementor-element-36d17cb elementor-widget elementor-widget-heading\" data-id=\"36d17cb\" data-element_type=\"widget\" data-widget_type=\"heading.default\">\n\t\t\t\t<div class=\"elementor-widget-container\">\n\t\t\t<h1 class=\"elementor-heading-title elementor-size-default\">Galeria &gt; Vida P\u00fablica<\/h1>\t\t<\/div>\n\t\t\t\t<\/div>\n\t\t\t\t\t<\/div>\n\t\t<\/div>\n\t\t\t\t\t<\/div>\n\t\t<\/section>\n\t\t\t\t<section class=\"elementor-section elementor-top-section elementor-element elementor-element-90d2fab elementor-section-boxed elementor-section-height-default elementor-section-height-default\" data-id=\"90d2fab\" data-element_type=\"section\">\n\t\t\t\t\t\t<div class=\"elementor-container elementor-column-gap-default\">\n\t\t\t\t\t<div class=\"elementor-column elementor-col-100 elementor-top-column elementor-element elementor-element-393b26a\" data-id=\"393b26a\" data-element_type=\"column\">\n\t\t\t<div class=\"elementor-widget-wrap elementor-element-populated\">\n\t\t\t\t\t\t<div class=\"elementor-element elementor-element-4827194 elementor-widget elementor-widget-image-gallery\" data-id=\"4827194\" data-element_type=\"widget\" data-widget_type=\"image-gallery.default\">\n\t\t\t\t<div class=\"elementor-widget-container\">\n\t\t\t\t\t<div class=\"elementor-image-gallery\">\n\t\t\t<div id='gallery-1' class='gallery galleryid-3403 gallery-columns-4 gallery-size-medium'><figure class='gallery-item'>\n\t\t\t<div class='gallery-icon landscape'>\n\t\t\t\t<a data-elementor-open-lightbox=\"yes\" data-elementor-lightbox-slideshow=\"4827194\" data-elementor-lightbox-title=\"01\" data-elementor-lightbox-description=\"[Fot\u00f3grafo n\u00e3o identificado]. Belo Horizonte, nov. 1939. Escritores na Gare da Central do Brasil por ocasi\u00e3o da chegada de M\u00e1rio de Andrade a BH. Da esquerda para a direita: Jo\u00e3o Camilo de Oliveira Torres, \u00c1ureo Fulg\u00eancio, Murilo Miranda, Murilo Rubi\u00e3o, Yedda Braga Miranda, Guilhermino C\u00e9sar, M\u00e1rio de Andrade, Marques Rebelo, Jo\u00e3o Alphonsus, Baeta Vianna, Cyro dos Anjos, Jos\u00e9 Carlos Lisboa.\" data-e-action-hash=\"#elementor-action%3Aaction%3Dlightbox%26settings%3DeyJpZCI6MzQwOCwidXJsIjoiaHR0cHM6XC9cL211cmlsb3J1Ymlhby5jb20uYnJcL3dwLWNvbnRlbnRcL3VwbG9hZHNcLzIwMjJcLzA3XC8wMS01LXNjYWxlZC5qcGciLCJzbGlkZXNob3ciOiI0ODI3MTk0In0%3D\" href='https:\/\/murilorubiao.com.br\/wp-content\/uploads\/2022\/07\/01-5-scaled.jpg'><img fetchpriority=\"high\" decoding=\"async\" width=\"300\" height=\"256\" src=\"https:\/\/murilorubiao.com.br\/wp-content\/uploads\/2022\/07\/01-5-300x256.jpg\" class=\"attachment-medium size-medium\" alt=\"\" aria-describedby=\"gallery-1-3408\" srcset=\"https:\/\/murilorubiao.com.br\/wp-content\/uploads\/2022\/07\/01-5-300x256.jpg 300w, https:\/\/murilorubiao.com.br\/wp-content\/uploads\/2022\/07\/01-5-1024x875.jpg 1024w, https:\/\/murilorubiao.com.br\/wp-content\/uploads\/2022\/07\/01-5-150x128.jpg 150w, https:\/\/murilorubiao.com.br\/wp-content\/uploads\/2022\/07\/01-5-768x657.jpg 768w, https:\/\/murilorubiao.com.br\/wp-content\/uploads\/2022\/07\/01-5-1536x1313.jpg 1536w, https:\/\/murilorubiao.com.br\/wp-content\/uploads\/2022\/07\/01-5-2048x1751.jpg 2048w, https:\/\/murilorubiao.com.br\/wp-content\/uploads\/2022\/07\/01-5-800x684.jpg 800w, https:\/\/murilorubiao.com.br\/wp-content\/uploads\/2022\/07\/01-5-1300x1111.jpg 1300w, https:\/\/murilorubiao.com.br\/wp-content\/uploads\/2022\/07\/01-5-600x513.jpg 600w\" sizes=\"(max-width: 300px) 100vw, 300px\" \/><\/a>\n\t\t\t<\/div>\n\t\t\t\t<figcaption class='wp-caption-text gallery-caption' id='gallery-1-3408'>\n\t\t\t\t[Fot\u00f3grafo n\u00e3o identificado]. Belo Horizonte, nov. 1939. Escritores na Gare da Central do Brasil por ocasi\u00e3o da chegada de M\u00e1rio de Andrade a BH. Da esquerda para a direita: Jo\u00e3o Camilo de Oliveira Torres, \u00c1ureo Fulg\u00eancio, Murilo Miranda, Murilo Rubi\u00e3o, Yedda Braga Miranda, Guilhermino C\u00e9sar, M\u00e1rio de Andrade, Marques Rebelo, Jo\u00e3o Alphonsus, Baeta Vianna, Cyro dos Anjos, Jos\u00e9 Carlos Lisboa.\n\t\t\t\t<\/figcaption><\/figure><figure class='gallery-item'>\n\t\t\t<div class='gallery-icon landscape'>\n\t\t\t\t<a data-elementor-open-lightbox=\"yes\" data-elementor-lightbox-slideshow=\"4827194\" data-elementor-lightbox-title=\"02\" data-elementor-lightbox-description=\"[Fot\u00f3grafo n\u00e3o identificado]. Belo Horizonte, 1940. Da esquerda para a direita: pessoa n\u00e3o identificada, Marques Rebelo,  Corn\u00e9lio Pena, Murilo Rubi\u00e3o e Jo\u00e3o Camilo de Oliveira Torres na reda\u00e7\u00e3o do Folha de Minas.\" data-e-action-hash=\"#elementor-action%3Aaction%3Dlightbox%26settings%3DeyJpZCI6MzQxMCwidXJsIjoiaHR0cHM6XC9cL211cmlsb3J1Ymlhby5jb20uYnJcL3dwLWNvbnRlbnRcL3VwbG9hZHNcLzIwMjJcLzA3XC8wMi01LXNjYWxlZC5qcGciLCJzbGlkZXNob3ciOiI0ODI3MTk0In0%3D\" href='https:\/\/murilorubiao.com.br\/wp-content\/uploads\/2022\/07\/02-5-scaled.jpg'><img decoding=\"async\" width=\"300\" height=\"229\" src=\"https:\/\/murilorubiao.com.br\/wp-content\/uploads\/2022\/07\/02-5-300x229.jpg\" class=\"attachment-medium size-medium\" alt=\"\" aria-describedby=\"gallery-1-3410\" srcset=\"https:\/\/murilorubiao.com.br\/wp-content\/uploads\/2022\/07\/02-5-300x229.jpg 300w, https:\/\/murilorubiao.com.br\/wp-content\/uploads\/2022\/07\/02-5-1024x781.jpg 1024w, https:\/\/murilorubiao.com.br\/wp-content\/uploads\/2022\/07\/02-5-150x114.jpg 150w, https:\/\/murilorubiao.com.br\/wp-content\/uploads\/2022\/07\/02-5-768x586.jpg 768w, https:\/\/murilorubiao.com.br\/wp-content\/uploads\/2022\/07\/02-5-1536x1172.jpg 1536w, https:\/\/murilorubiao.com.br\/wp-content\/uploads\/2022\/07\/02-5-2048x1563.jpg 2048w, https:\/\/murilorubiao.com.br\/wp-content\/uploads\/2022\/07\/02-5-800x610.jpg 800w, https:\/\/murilorubiao.com.br\/wp-content\/uploads\/2022\/07\/02-5-1300x992.jpg 1300w, https:\/\/murilorubiao.com.br\/wp-content\/uploads\/2022\/07\/02-5-600x458.jpg 600w\" sizes=\"(max-width: 300px) 100vw, 300px\" \/><\/a>\n\t\t\t<\/div>\n\t\t\t\t<figcaption class='wp-caption-text gallery-caption' id='gallery-1-3410'>\n\t\t\t\t[Fot\u00f3grafo n\u00e3o identificado]. Belo Horizonte, 1940. Da esquerda para a direita: pessoa n\u00e3o identificada, Marques Rebelo,  Corn\u00e9lio Pena, Murilo Rubi\u00e3o e Jo\u00e3o Camilo de Oliveira Torres na reda\u00e7\u00e3o do Folha de Minas.\n\t\t\t\t<\/figcaption><\/figure><figure class='gallery-item'>\n\t\t\t<div class='gallery-icon portrait'>\n\t\t\t\t<a data-elementor-open-lightbox=\"yes\" data-elementor-lightbox-slideshow=\"4827194\" data-elementor-lightbox-title=\"03\" data-elementor-lightbox-description=\"Reda\u00e7\u00e3o do jornal Folha de Minas em 1941.\" data-e-action-hash=\"#elementor-action%3Aaction%3Dlightbox%26settings%3DeyJpZCI6MzQxMSwidXJsIjoiaHR0cHM6XC9cL211cmlsb3J1Ymlhby5jb20uYnJcL3dwLWNvbnRlbnRcL3VwbG9hZHNcLzIwMjJcLzA3XC8wMy01LmpwZyIsInNsaWRlc2hvdyI6IjQ4MjcxOTQifQ%3D%3D\" href='https:\/\/murilorubiao.com.br\/wp-content\/uploads\/2022\/07\/03-5.jpg'><img decoding=\"async\" width=\"294\" height=\"300\" src=\"https:\/\/murilorubiao.com.br\/wp-content\/uploads\/2022\/07\/03-5-294x300.jpg\" class=\"attachment-medium size-medium\" alt=\"\" aria-describedby=\"gallery-1-3411\" srcset=\"https:\/\/murilorubiao.com.br\/wp-content\/uploads\/2022\/07\/03-5-294x300.jpg 294w, https:\/\/murilorubiao.com.br\/wp-content\/uploads\/2022\/07\/03-5-1002x1024.jpg 1002w, https:\/\/murilorubiao.com.br\/wp-content\/uploads\/2022\/07\/03-5-147x150.jpg 147w, https:\/\/murilorubiao.com.br\/wp-content\/uploads\/2022\/07\/03-5-768x785.jpg 768w, https:\/\/murilorubiao.com.br\/wp-content\/uploads\/2022\/07\/03-5-783x800.jpg 783w, https:\/\/murilorubiao.com.br\/wp-content\/uploads\/2022\/07\/03-5-50x50.jpg 50w, https:\/\/murilorubiao.com.br\/wp-content\/uploads\/2022\/07\/03-5-600x613.jpg 600w, https:\/\/murilorubiao.com.br\/wp-content\/uploads\/2022\/07\/03-5.jpg 1040w\" sizes=\"(max-width: 294px) 100vw, 294px\" \/><\/a>\n\t\t\t<\/div>\n\t\t\t\t<figcaption class='wp-caption-text gallery-caption' id='gallery-1-3411'>\n\t\t\t\tReda\u00e7\u00e3o do jornal Folha de Minas em 1941.\n\t\t\t\t<\/figcaption><\/figure><figure class='gallery-item'>\n\t\t\t<div class='gallery-icon landscape'>\n\t\t\t\t<a data-elementor-open-lightbox=\"yes\" data-elementor-lightbox-slideshow=\"4827194\" data-elementor-lightbox-title=\"04\" data-elementor-lightbox-description=\"[Fot\u00f3grafo n\u00e3o identificado]. Belo Horizonte, maio 1941. Exposi\u00e7\u00e3o do pintor Genesco Murta, realizada na reda\u00e7\u00e3o do jornal Folha de Minas. Da esquerda para a direita: Jo\u00e3o Camilo de Oliveira Torres, An\u00edbal Machado, Cyro dos Anjos, Oswald de Andrade, Genesco Murta, Em\u00edlio Moura e Murilo Rubi\u00e3o.\" data-e-action-hash=\"#elementor-action%3Aaction%3Dlightbox%26settings%3DeyJpZCI6MzQxMywidXJsIjoiaHR0cHM6XC9cL211cmlsb3J1Ymlhby5jb20uYnJcL3dwLWNvbnRlbnRcL3VwbG9hZHNcLzIwMjJcLzA3XC8wNC00LXNjYWxlZC5qcGciLCJzbGlkZXNob3ciOiI0ODI3MTk0In0%3D\" href='https:\/\/murilorubiao.com.br\/wp-content\/uploads\/2022\/07\/04-4-scaled.jpg'><img loading=\"lazy\" decoding=\"async\" width=\"300\" height=\"243\" src=\"https:\/\/murilorubiao.com.br\/wp-content\/uploads\/2022\/07\/04-4-300x243.jpg\" class=\"attachment-medium size-medium\" alt=\"\" aria-describedby=\"gallery-1-3413\" srcset=\"https:\/\/murilorubiao.com.br\/wp-content\/uploads\/2022\/07\/04-4-300x243.jpg 300w, https:\/\/murilorubiao.com.br\/wp-content\/uploads\/2022\/07\/04-4-1024x829.jpg 1024w, https:\/\/murilorubiao.com.br\/wp-content\/uploads\/2022\/07\/04-4-150x121.jpg 150w, https:\/\/murilorubiao.com.br\/wp-content\/uploads\/2022\/07\/04-4-768x622.jpg 768w, https:\/\/murilorubiao.com.br\/wp-content\/uploads\/2022\/07\/04-4-1536x1244.jpg 1536w, https:\/\/murilorubiao.com.br\/wp-content\/uploads\/2022\/07\/04-4-2048x1658.jpg 2048w, https:\/\/murilorubiao.com.br\/wp-content\/uploads\/2022\/07\/04-4-800x648.jpg 800w, https:\/\/murilorubiao.com.br\/wp-content\/uploads\/2022\/07\/04-4-1300x1053.jpg 1300w, https:\/\/murilorubiao.com.br\/wp-content\/uploads\/2022\/07\/04-4-600x486.jpg 600w\" sizes=\"(max-width: 300px) 100vw, 300px\" \/><\/a>\n\t\t\t<\/div>\n\t\t\t\t<figcaption class='wp-caption-text gallery-caption' id='gallery-1-3413'>\n\t\t\t\t[Fot\u00f3grafo n\u00e3o identificado]. Belo Horizonte, maio 1941. Exposi\u00e7\u00e3o do pintor Genesco Murta, realizada na reda\u00e7\u00e3o do jornal Folha de Minas. Da esquerda para a direita: Jo\u00e3o Camilo de Oliveira Torres, An\u00edbal Machado, Cyro dos Anjos, Oswald de Andrade, Genesco Murta, Em\u00edlio Moura e Murilo Rubi\u00e3o.\n\t\t\t\t<\/figcaption><\/figure><figure class='gallery-item'>\n\t\t\t<div class='gallery-icon landscape'>\n\t\t\t\t<a data-elementor-open-lightbox=\"yes\" data-elementor-lightbox-slideshow=\"4827194\" data-elementor-lightbox-title=\"05\" data-elementor-lightbox-description=\"[Fot\u00f3grafo n\u00e3o identificado]. Belo Horizonte, 1943. Da esquerda para a direita: em p\u00e9, Otto Lara Resende, Fernando Sabino e Paulo Mendes Campos. Sentados: Murilo Rubi\u00e3o e Em\u00edlio Moura. \" data-e-action-hash=\"#elementor-action%3Aaction%3Dlightbox%26settings%3DeyJpZCI6MzQxNCwidXJsIjoiaHR0cHM6XC9cL211cmlsb3J1Ymlhby5jb20uYnJcL3dwLWNvbnRlbnRcL3VwbG9hZHNcLzIwMjJcLzA3XC8wNS0zLmpwZyIsInNsaWRlc2hvdyI6IjQ4MjcxOTQifQ%3D%3D\" href='https:\/\/murilorubiao.com.br\/wp-content\/uploads\/2022\/07\/05-3.jpg'><img loading=\"lazy\" decoding=\"async\" width=\"300\" height=\"266\" src=\"https:\/\/murilorubiao.com.br\/wp-content\/uploads\/2022\/07\/05-3-300x266.jpg\" class=\"attachment-medium size-medium\" alt=\"\" aria-describedby=\"gallery-1-3414\" srcset=\"https:\/\/murilorubiao.com.br\/wp-content\/uploads\/2022\/07\/05-3-300x266.jpg 300w, https:\/\/murilorubiao.com.br\/wp-content\/uploads\/2022\/07\/05-3-1024x907.jpg 1024w, https:\/\/murilorubiao.com.br\/wp-content\/uploads\/2022\/07\/05-3-150x133.jpg 150w, https:\/\/murilorubiao.com.br\/wp-content\/uploads\/2022\/07\/05-3-768x680.jpg 768w, https:\/\/murilorubiao.com.br\/wp-content\/uploads\/2022\/07\/05-3-1536x1361.jpg 1536w, https:\/\/murilorubiao.com.br\/wp-content\/uploads\/2022\/07\/05-3-2048x1815.jpg 2048w, https:\/\/murilorubiao.com.br\/wp-content\/uploads\/2022\/07\/05-3-800x709.jpg 800w, https:\/\/murilorubiao.com.br\/wp-content\/uploads\/2022\/07\/05-3-1300x1152.jpg 1300w, https:\/\/murilorubiao.com.br\/wp-content\/uploads\/2022\/07\/05-3-600x532.jpg 600w\" sizes=\"(max-width: 300px) 100vw, 300px\" \/><\/a>\n\t\t\t<\/div>\n\t\t\t\t<figcaption class='wp-caption-text gallery-caption' id='gallery-1-3414'>\n\t\t\t\t[Fot\u00f3grafo n\u00e3o identificado]. Belo Horizonte, 1943. Da esquerda para a direita: em p\u00e9, Otto Lara Resende, Fernando Sabino e Paulo Mendes Campos. Sentados: Murilo Rubi\u00e3o e Em\u00edlio Moura. \n\t\t\t\t<\/figcaption><\/figure><figure class='gallery-item'>\n\t\t\t<div class='gallery-icon landscape'>\n\t\t\t\t<a data-elementor-open-lightbox=\"yes\" data-elementor-lightbox-slideshow=\"4827194\" data-elementor-lightbox-title=\"06\" data-elementor-lightbox-description=\"[Fot\u00f3grafo n\u00e3o identificado]. Belo Horizonte, jan. 1943. Da esquerda para a direita: Otto Lara Resende, Murilo Rubi\u00e3o, Fernando Sabino e H\u00e9lio Pellegrino.\" data-e-action-hash=\"#elementor-action%3Aaction%3Dlightbox%26settings%3DeyJpZCI6MzQxNSwidXJsIjoiaHR0cHM6XC9cL211cmlsb3J1Ymlhby5jb20uYnJcL3dwLWNvbnRlbnRcL3VwbG9hZHNcLzIwMjJcLzA3XC8wNi0zLmpwZyIsInNsaWRlc2hvdyI6IjQ4MjcxOTQifQ%3D%3D\" href='https:\/\/murilorubiao.com.br\/wp-content\/uploads\/2022\/07\/06-3.jpg'><img loading=\"lazy\" decoding=\"async\" width=\"300\" height=\"274\" src=\"https:\/\/murilorubiao.com.br\/wp-content\/uploads\/2022\/07\/06-3-300x274.jpg\" class=\"attachment-medium size-medium\" alt=\"\" aria-describedby=\"gallery-1-3415\" srcset=\"https:\/\/murilorubiao.com.br\/wp-content\/uploads\/2022\/07\/06-3-300x274.jpg 300w, https:\/\/murilorubiao.com.br\/wp-content\/uploads\/2022\/07\/06-3-1024x934.jpg 1024w, https:\/\/murilorubiao.com.br\/wp-content\/uploads\/2022\/07\/06-3-150x137.jpg 150w, https:\/\/murilorubiao.com.br\/wp-content\/uploads\/2022\/07\/06-3-768x700.jpg 768w, https:\/\/murilorubiao.com.br\/wp-content\/uploads\/2022\/07\/06-3-1536x1401.jpg 1536w, https:\/\/murilorubiao.com.br\/wp-content\/uploads\/2022\/07\/06-3-800x730.jpg 800w, https:\/\/murilorubiao.com.br\/wp-content\/uploads\/2022\/07\/06-3-1300x1186.jpg 1300w, https:\/\/murilorubiao.com.br\/wp-content\/uploads\/2022\/07\/06-3-600x547.jpg 600w, https:\/\/murilorubiao.com.br\/wp-content\/uploads\/2022\/07\/06-3.jpg 1579w\" sizes=\"(max-width: 300px) 100vw, 300px\" \/><\/a>\n\t\t\t<\/div>\n\t\t\t\t<figcaption class='wp-caption-text gallery-caption' id='gallery-1-3415'>\n\t\t\t\t[Fot\u00f3grafo n\u00e3o identificado]. Belo Horizonte, jan. 1943. Da esquerda para a direita: Otto Lara Resende, Murilo Rubi\u00e3o, Fernando Sabino e H\u00e9lio Pellegrino.\n\t\t\t\t<\/figcaption><\/figure><figure class='gallery-item'>\n\t\t\t<div class='gallery-icon landscape'>\n\t\t\t\t<a data-elementor-open-lightbox=\"yes\" data-elementor-lightbox-slideshow=\"4827194\" data-elementor-lightbox-title=\"07\" data-elementor-lightbox-description=\"[Fot\u00f3grafo n\u00e3o identificado]. Belo Horizonte, 15 set. de 1944. Da esquerda para a direita: Alphonsus de Guimaraens Filho, H\u00e9lio Pellegrino, M\u00e1rio de Andrade e Murilo Rubi\u00e3o no Parque Municipal.\" data-e-action-hash=\"#elementor-action%3Aaction%3Dlightbox%26settings%3DeyJpZCI6MzQxNiwidXJsIjoiaHR0cHM6XC9cL211cmlsb3J1Ymlhby5jb20uYnJcL3dwLWNvbnRlbnRcL3VwbG9hZHNcLzIwMjJcLzA3XC8wNy0zLmpwZyIsInNsaWRlc2hvdyI6IjQ4MjcxOTQifQ%3D%3D\" href='https:\/\/murilorubiao.com.br\/wp-content\/uploads\/2022\/07\/07-3.jpg'><img loading=\"lazy\" decoding=\"async\" width=\"300\" height=\"245\" src=\"https:\/\/murilorubiao.com.br\/wp-content\/uploads\/2022\/07\/07-3-300x245.jpg\" class=\"attachment-medium size-medium\" alt=\"\" aria-describedby=\"gallery-1-3416\" srcset=\"https:\/\/murilorubiao.com.br\/wp-content\/uploads\/2022\/07\/07-3-300x245.jpg 300w, https:\/\/murilorubiao.com.br\/wp-content\/uploads\/2022\/07\/07-3-1024x838.jpg 1024w, https:\/\/murilorubiao.com.br\/wp-content\/uploads\/2022\/07\/07-3-150x123.jpg 150w, https:\/\/murilorubiao.com.br\/wp-content\/uploads\/2022\/07\/07-3-768x628.jpg 768w, https:\/\/murilorubiao.com.br\/wp-content\/uploads\/2022\/07\/07-3-1536x1257.jpg 1536w, https:\/\/murilorubiao.com.br\/wp-content\/uploads\/2022\/07\/07-3-800x655.jpg 800w, https:\/\/murilorubiao.com.br\/wp-content\/uploads\/2022\/07\/07-3-1300x1064.jpg 1300w, https:\/\/murilorubiao.com.br\/wp-content\/uploads\/2022\/07\/07-3-600x491.jpg 600w, https:\/\/murilorubiao.com.br\/wp-content\/uploads\/2022\/07\/07-3.jpg 2024w\" sizes=\"(max-width: 300px) 100vw, 300px\" \/><\/a>\n\t\t\t<\/div>\n\t\t\t\t<figcaption class='wp-caption-text gallery-caption' id='gallery-1-3416'>\n\t\t\t\t[Fot\u00f3grafo n\u00e3o identificado]. Belo Horizonte, 15 set. de 1944. Da esquerda para a direita: Alphonsus de Guimaraens Filho, H\u00e9lio Pellegrino, M\u00e1rio de Andrade e Murilo Rubi\u00e3o no Parque Municipal.\n\t\t\t\t<\/figcaption><\/figure><figure class='gallery-item'>\n\t\t\t<div class='gallery-icon landscape'>\n\t\t\t\t<a data-elementor-open-lightbox=\"yes\" data-elementor-lightbox-slideshow=\"4827194\" data-elementor-lightbox-title=\"08\" data-elementor-lightbox-description=\"[Fot\u00f3grafo n\u00e3o identificado]. Belo Horizonte, jan. 1948. Da esquerda para a direita: Otto, Murilo, H\u00e9lio Peregrino, Paulo Mendes Campos e Jo\u00e3o Dornas Filho de p\u00e9 em frente \u00e0 Igreja S\u00e3o Jos\u00e9. \" data-e-action-hash=\"#elementor-action%3Aaction%3Dlightbox%26settings%3DeyJpZCI6MzQxNywidXJsIjoiaHR0cHM6XC9cL211cmlsb3J1Ymlhby5jb20uYnJcL3dwLWNvbnRlbnRcL3VwbG9hZHNcLzIwMjJcLzA3XC8wOC0yLmpwZyIsInNsaWRlc2hvdyI6IjQ4MjcxOTQifQ%3D%3D\" href='https:\/\/murilorubiao.com.br\/wp-content\/uploads\/2022\/07\/08-2.jpg'><img loading=\"lazy\" decoding=\"async\" width=\"300\" height=\"244\" src=\"https:\/\/murilorubiao.com.br\/wp-content\/uploads\/2022\/07\/08-2-300x244.jpg\" class=\"attachment-medium size-medium\" alt=\"\" aria-describedby=\"gallery-1-3417\" srcset=\"https:\/\/murilorubiao.com.br\/wp-content\/uploads\/2022\/07\/08-2-300x244.jpg 300w, https:\/\/murilorubiao.com.br\/wp-content\/uploads\/2022\/07\/08-2-1024x833.jpg 1024w, https:\/\/murilorubiao.com.br\/wp-content\/uploads\/2022\/07\/08-2-150x122.jpg 150w, https:\/\/murilorubiao.com.br\/wp-content\/uploads\/2022\/07\/08-2-768x625.jpg 768w, https:\/\/murilorubiao.com.br\/wp-content\/uploads\/2022\/07\/08-2-1536x1250.jpg 1536w, https:\/\/murilorubiao.com.br\/wp-content\/uploads\/2022\/07\/08-2-2048x1666.jpg 2048w, https:\/\/murilorubiao.com.br\/wp-content\/uploads\/2022\/07\/08-2-800x651.jpg 800w, https:\/\/murilorubiao.com.br\/wp-content\/uploads\/2022\/07\/08-2-1300x1058.jpg 1300w, https:\/\/murilorubiao.com.br\/wp-content\/uploads\/2022\/07\/08-2-600x488.jpg 600w\" sizes=\"(max-width: 300px) 100vw, 300px\" \/><\/a>\n\t\t\t<\/div>\n\t\t\t\t<figcaption class='wp-caption-text gallery-caption' id='gallery-1-3417'>\n\t\t\t\t[Fot\u00f3grafo n\u00e3o identificado]. Belo Horizonte, jan. 1948. Da esquerda para a direita: Otto, Murilo, H\u00e9lio Peregrino, Paulo Mendes Campos e Jo\u00e3o Dornas Filho de p\u00e9 em frente \u00e0 Igreja S\u00e3o Jos\u00e9. \n\t\t\t\t<\/figcaption><\/figure><figure class='gallery-item'>\n\t\t\t<div class='gallery-icon landscape'>\n\t\t\t\t<a data-elementor-open-lightbox=\"yes\" data-elementor-lightbox-slideshow=\"4827194\" data-elementor-lightbox-title=\"09\" data-elementor-lightbox-description=\"[Fot\u00f3grafo n\u00e3o identificado]. Belo Horizonte, fev. 1948. MR na reda\u00e7\u00e3o do jornal Folha de Minas.\" data-e-action-hash=\"#elementor-action%3Aaction%3Dlightbox%26settings%3DeyJpZCI6MzQxOCwidXJsIjoiaHR0cHM6XC9cL211cmlsb3J1Ymlhby5jb20uYnJcL3dwLWNvbnRlbnRcL3VwbG9hZHNcLzIwMjJcLzA3XC8wOS0zLmpwZyIsInNsaWRlc2hvdyI6IjQ4MjcxOTQifQ%3D%3D\" href='https:\/\/murilorubiao.com.br\/wp-content\/uploads\/2022\/07\/09-3.jpg'><img loading=\"lazy\" decoding=\"async\" width=\"300\" height=\"298\" src=\"https:\/\/murilorubiao.com.br\/wp-content\/uploads\/2022\/07\/09-3-300x298.jpg\" class=\"attachment-medium size-medium\" alt=\"\" aria-describedby=\"gallery-1-3418\" srcset=\"https:\/\/murilorubiao.com.br\/wp-content\/uploads\/2022\/07\/09-3-300x298.jpg 300w, https:\/\/murilorubiao.com.br\/wp-content\/uploads\/2022\/07\/09-3-1024x1017.jpg 1024w, https:\/\/murilorubiao.com.br\/wp-content\/uploads\/2022\/07\/09-3-150x150.jpg 150w, https:\/\/murilorubiao.com.br\/wp-content\/uploads\/2022\/07\/09-3-768x763.jpg 768w, https:\/\/murilorubiao.com.br\/wp-content\/uploads\/2022\/07\/09-3-1536x1525.jpg 1536w, https:\/\/murilorubiao.com.br\/wp-content\/uploads\/2022\/07\/09-3-800x795.jpg 800w, https:\/\/murilorubiao.com.br\/wp-content\/uploads\/2022\/07\/09-3-1300x1291.jpg 1300w, https:\/\/murilorubiao.com.br\/wp-content\/uploads\/2022\/07\/09-3-50x50.jpg 50w, https:\/\/murilorubiao.com.br\/wp-content\/uploads\/2022\/07\/09-3-600x596.jpg 600w, https:\/\/murilorubiao.com.br\/wp-content\/uploads\/2022\/07\/09-3-100x100.jpg 100w, https:\/\/murilorubiao.com.br\/wp-content\/uploads\/2022\/07\/09-3.jpg 1752w\" sizes=\"(max-width: 300px) 100vw, 300px\" \/><\/a>\n\t\t\t<\/div>\n\t\t\t\t<figcaption class='wp-caption-text gallery-caption' id='gallery-1-3418'>\n\t\t\t\t[Fot\u00f3grafo n\u00e3o identificado]. Belo Horizonte, fev. 1948. MR na reda\u00e7\u00e3o do jornal Folha de Minas.\n\t\t\t\t<\/figcaption><\/figure><figure class='gallery-item'>\n\t\t\t<div class='gallery-icon portrait'>\n\t\t\t\t<a data-elementor-open-lightbox=\"yes\" data-elementor-lightbox-slideshow=\"4827194\" data-elementor-lightbox-title=\"10\" data-elementor-lightbox-description=\"[Fot\u00f3grafo n\u00e3o identificado]. Belo Horizonte, 1951. Juscelino Kubitschek, Murilo Rubi\u00e3o e outros em solenidade do Governo de Minas Gerais.\" data-e-action-hash=\"#elementor-action%3Aaction%3Dlightbox%26settings%3DeyJpZCI6MzQxOSwidXJsIjoiaHR0cHM6XC9cL211cmlsb3J1Ymlhby5jb20uYnJcL3dwLWNvbnRlbnRcL3VwbG9hZHNcLzIwMjJcLzA3XC8xMC0xLXNjYWxlZC5qcGciLCJzbGlkZXNob3ciOiI0ODI3MTk0In0%3D\" href='https:\/\/murilorubiao.com.br\/wp-content\/uploads\/2022\/07\/10-1-scaled.jpg'><img loading=\"lazy\" decoding=\"async\" width=\"210\" height=\"300\" src=\"https:\/\/murilorubiao.com.br\/wp-content\/uploads\/2022\/07\/10-1-210x300.jpg\" class=\"attachment-medium size-medium\" alt=\"\" aria-describedby=\"gallery-1-3419\" srcset=\"https:\/\/murilorubiao.com.br\/wp-content\/uploads\/2022\/07\/10-1-210x300.jpg 210w, https:\/\/murilorubiao.com.br\/wp-content\/uploads\/2022\/07\/10-1-716x1024.jpg 716w, https:\/\/murilorubiao.com.br\/wp-content\/uploads\/2022\/07\/10-1-105x150.jpg 105w, https:\/\/murilorubiao.com.br\/wp-content\/uploads\/2022\/07\/10-1-768x1098.jpg 768w, https:\/\/murilorubiao.com.br\/wp-content\/uploads\/2022\/07\/10-1-1074x1536.jpg 1074w, https:\/\/murilorubiao.com.br\/wp-content\/uploads\/2022\/07\/10-1-1432x2048.jpg 1432w, https:\/\/murilorubiao.com.br\/wp-content\/uploads\/2022\/07\/10-1-559x800.jpg 559w, https:\/\/murilorubiao.com.br\/wp-content\/uploads\/2022\/07\/10-1-909x1300.jpg 909w, https:\/\/murilorubiao.com.br\/wp-content\/uploads\/2022\/07\/10-1-600x858.jpg 600w, https:\/\/murilorubiao.com.br\/wp-content\/uploads\/2022\/07\/10-1-scaled.jpg 1790w\" sizes=\"(max-width: 210px) 100vw, 210px\" \/><\/a>\n\t\t\t<\/div>\n\t\t\t\t<figcaption class='wp-caption-text gallery-caption' id='gallery-1-3419'>\n\t\t\t\t[Fot\u00f3grafo n\u00e3o identificado]. Belo Horizonte, 1951. Juscelino Kubitschek, Murilo Rubi\u00e3o e outros em solenidade do Governo de Minas Gerais.\n\t\t\t\t<\/figcaption><\/figure><figure class='gallery-item'>\n\t\t\t<div class='gallery-icon landscape'>\n\t\t\t\t<a data-elementor-open-lightbox=\"yes\" data-elementor-lightbox-slideshow=\"4827194\" data-elementor-lightbox-title=\"11\" data-elementor-lightbox-description=\"[Fot\u00f3grafo n\u00e3o identificado]. [Local n\u00e3o identificado], 1952. Juscelino Kubitschek, Murilo Rubi\u00e3o e um grupo de pessoas n\u00e3o identificadas.\" data-e-action-hash=\"#elementor-action%3Aaction%3Dlightbox%26settings%3DeyJpZCI6MzQyMCwidXJsIjoiaHR0cHM6XC9cL211cmlsb3J1Ymlhby5jb20uYnJcL3dwLWNvbnRlbnRcL3VwbG9hZHNcLzIwMjJcLzA3XC8xMS0xLXNjYWxlZC5qcGciLCJzbGlkZXNob3ciOiI0ODI3MTk0In0%3D\" href='https:\/\/murilorubiao.com.br\/wp-content\/uploads\/2022\/07\/11-1-scaled.jpg'><img loading=\"lazy\" decoding=\"async\" width=\"300\" height=\"215\" src=\"https:\/\/murilorubiao.com.br\/wp-content\/uploads\/2022\/07\/11-1-300x215.jpg\" class=\"attachment-medium size-medium\" alt=\"\" aria-describedby=\"gallery-1-3420\" srcset=\"https:\/\/murilorubiao.com.br\/wp-content\/uploads\/2022\/07\/11-1-300x215.jpg 300w, https:\/\/murilorubiao.com.br\/wp-content\/uploads\/2022\/07\/11-1-1024x733.jpg 1024w, https:\/\/murilorubiao.com.br\/wp-content\/uploads\/2022\/07\/11-1-150x107.jpg 150w, https:\/\/murilorubiao.com.br\/wp-content\/uploads\/2022\/07\/11-1-768x549.jpg 768w, https:\/\/murilorubiao.com.br\/wp-content\/uploads\/2022\/07\/11-1-1536x1099.jpg 1536w, https:\/\/murilorubiao.com.br\/wp-content\/uploads\/2022\/07\/11-1-2048x1465.jpg 2048w, https:\/\/murilorubiao.com.br\/wp-content\/uploads\/2022\/07\/11-1-800x572.jpg 800w, https:\/\/murilorubiao.com.br\/wp-content\/uploads\/2022\/07\/11-1-1300x930.jpg 1300w, https:\/\/murilorubiao.com.br\/wp-content\/uploads\/2022\/07\/11-1-600x429.jpg 600w\" sizes=\"(max-width: 300px) 100vw, 300px\" \/><\/a>\n\t\t\t<\/div>\n\t\t\t\t<figcaption class='wp-caption-text gallery-caption' id='gallery-1-3420'>\n\t\t\t\t[Fot\u00f3grafo n\u00e3o identificado]. [Local n\u00e3o identificado], 1952. Juscelino Kubitschek, Murilo Rubi\u00e3o e um grupo de pessoas n\u00e3o identificadas.\n\t\t\t\t<\/figcaption><\/figure><figure class='gallery-item'>\n\t\t\t<div class='gallery-icon landscape'>\n\t\t\t\t<a data-elementor-open-lightbox=\"yes\" data-elementor-lightbox-slideshow=\"4827194\" data-elementor-lightbox-title=\"12\" data-elementor-lightbox-description=\"[Fot\u00f3grafo n\u00e3o identificado]. Belo Horizonte, 1955. Murilo Rubi\u00e3o, Juscelino Kubitschek e outros no Pal\u00e1cio da Liberdade.\" data-e-action-hash=\"#elementor-action%3Aaction%3Dlightbox%26settings%3DeyJpZCI6MzQyMSwidXJsIjoiaHR0cHM6XC9cL211cmlsb3J1Ymlhby5jb20uYnJcL3dwLWNvbnRlbnRcL3VwbG9hZHNcLzIwMjJcLzA3XC8xMi0xLmpwZyIsInNsaWRlc2hvdyI6IjQ4MjcxOTQifQ%3D%3D\" href='https:\/\/murilorubiao.com.br\/wp-content\/uploads\/2022\/07\/12-1.jpg'><img loading=\"lazy\" decoding=\"async\" width=\"300\" height=\"281\" src=\"https:\/\/murilorubiao.com.br\/wp-content\/uploads\/2022\/07\/12-1-300x281.jpg\" class=\"attachment-medium size-medium\" alt=\"\" aria-describedby=\"gallery-1-3421\" srcset=\"https:\/\/murilorubiao.com.br\/wp-content\/uploads\/2022\/07\/12-1-300x281.jpg 300w, https:\/\/murilorubiao.com.br\/wp-content\/uploads\/2022\/07\/12-1-1024x959.jpg 1024w, https:\/\/murilorubiao.com.br\/wp-content\/uploads\/2022\/07\/12-1-150x140.jpg 150w, https:\/\/murilorubiao.com.br\/wp-content\/uploads\/2022\/07\/12-1-768x719.jpg 768w, https:\/\/murilorubiao.com.br\/wp-content\/uploads\/2022\/07\/12-1-1536x1439.jpg 1536w, https:\/\/murilorubiao.com.br\/wp-content\/uploads\/2022\/07\/12-1-2048x1918.jpg 2048w, https:\/\/murilorubiao.com.br\/wp-content\/uploads\/2022\/07\/12-1-800x749.jpg 800w, https:\/\/murilorubiao.com.br\/wp-content\/uploads\/2022\/07\/12-1-1300x1218.jpg 1300w, https:\/\/murilorubiao.com.br\/wp-content\/uploads\/2022\/07\/12-1-600x562.jpg 600w\" sizes=\"(max-width: 300px) 100vw, 300px\" \/><\/a>\n\t\t\t<\/div>\n\t\t\t\t<figcaption class='wp-caption-text gallery-caption' id='gallery-1-3421'>\n\t\t\t\t[Fot\u00f3grafo n\u00e3o identificado]. Belo Horizonte, 1955. Murilo Rubi\u00e3o, Juscelino Kubitschek e outros no Pal\u00e1cio da Liberdade.\n\t\t\t\t<\/figcaption><\/figure><figure class='gallery-item'>\n\t\t\t<div class='gallery-icon landscape'>\n\t\t\t\t<a data-elementor-open-lightbox=\"yes\" data-elementor-lightbox-slideshow=\"4827194\" data-elementor-lightbox-title=\"13\" data-elementor-lightbox-description=\"[Fot\u00f3grafo n\u00e3o identificado]. [Belo Horizonte], dez. 1955. Murilo Rubi\u00e3o, Juscelino Kubitschek e homem n\u00e3o identificado.\" data-e-action-hash=\"#elementor-action%3Aaction%3Dlightbox%26settings%3DeyJpZCI6MzQyMiwidXJsIjoiaHR0cHM6XC9cL211cmlsb3J1Ymlhby5jb20uYnJcL3dwLWNvbnRlbnRcL3VwbG9hZHNcLzIwMjJcLzA3XC8xMy0xLXNjYWxlZC5qcGciLCJzbGlkZXNob3ciOiI0ODI3MTk0In0%3D\" href='https:\/\/murilorubiao.com.br\/wp-content\/uploads\/2022\/07\/13-1-scaled.jpg'><img loading=\"lazy\" decoding=\"async\" width=\"300\" height=\"211\" src=\"https:\/\/murilorubiao.com.br\/wp-content\/uploads\/2022\/07\/13-1-300x211.jpg\" class=\"attachment-medium size-medium\" alt=\"\" aria-describedby=\"gallery-1-3422\" srcset=\"https:\/\/murilorubiao.com.br\/wp-content\/uploads\/2022\/07\/13-1-300x211.jpg 300w, https:\/\/murilorubiao.com.br\/wp-content\/uploads\/2022\/07\/13-1-1024x720.jpg 1024w, https:\/\/murilorubiao.com.br\/wp-content\/uploads\/2022\/07\/13-1-150x105.jpg 150w, https:\/\/murilorubiao.com.br\/wp-content\/uploads\/2022\/07\/13-1-768x540.jpg 768w, https:\/\/murilorubiao.com.br\/wp-content\/uploads\/2022\/07\/13-1-1536x1080.jpg 1536w, https:\/\/murilorubiao.com.br\/wp-content\/uploads\/2022\/07\/13-1-2048x1440.jpg 2048w, https:\/\/murilorubiao.com.br\/wp-content\/uploads\/2022\/07\/13-1-800x562.jpg 800w, https:\/\/murilorubiao.com.br\/wp-content\/uploads\/2022\/07\/13-1-1300x914.jpg 1300w, https:\/\/murilorubiao.com.br\/wp-content\/uploads\/2022\/07\/13-1-600x422.jpg 600w\" sizes=\"(max-width: 300px) 100vw, 300px\" \/><\/a>\n\t\t\t<\/div>\n\t\t\t\t<figcaption class='wp-caption-text gallery-caption' id='gallery-1-3422'>\n\t\t\t\t[Fot\u00f3grafo n\u00e3o identificado]. [Belo Horizonte], dez. 1955. Murilo Rubi\u00e3o, Juscelino Kubitschek e homem n\u00e3o identificado.\n\t\t\t\t<\/figcaption><\/figure><figure class='gallery-item'>\n\t\t\t<div class='gallery-icon portrait'>\n\t\t\t\t<a data-elementor-open-lightbox=\"yes\" data-elementor-lightbox-slideshow=\"4827194\" data-elementor-lightbox-title=\"14\" data-elementor-lightbox-description=\"[Fot\u00f3grafo n\u00e3o identificado]. Belo Horizonte, maio 1958. Da esquerda para a direita: Moacir Andrade (diretor), Murilo Rubi\u00e3o, Djalma Pimenta e F. Lessa em homenagem aos funcion\u00e1rios da R\u00e1dio Inconfid\u00eancia.\" data-e-action-hash=\"#elementor-action%3Aaction%3Dlightbox%26settings%3DeyJpZCI6MzQyMywidXJsIjoiaHR0cHM6XC9cL211cmlsb3J1Ymlhby5jb20uYnJcL3dwLWNvbnRlbnRcL3VwbG9hZHNcLzIwMjJcLzA3XC8xNC0xLmpwZyIsInNsaWRlc2hvdyI6IjQ4MjcxOTQifQ%3D%3D\" href='https:\/\/murilorubiao.com.br\/wp-content\/uploads\/2022\/07\/14-1.jpg'><img loading=\"lazy\" decoding=\"async\" width=\"297\" height=\"300\" src=\"https:\/\/murilorubiao.com.br\/wp-content\/uploads\/2022\/07\/14-1-297x300.jpg\" class=\"attachment-medium size-medium\" alt=\"\" aria-describedby=\"gallery-1-3423\" srcset=\"https:\/\/murilorubiao.com.br\/wp-content\/uploads\/2022\/07\/14-1-297x300.jpg 297w, https:\/\/murilorubiao.com.br\/wp-content\/uploads\/2022\/07\/14-1-1013x1024.jpg 1013w, https:\/\/murilorubiao.com.br\/wp-content\/uploads\/2022\/07\/14-1-148x150.jpg 148w, https:\/\/murilorubiao.com.br\/wp-content\/uploads\/2022\/07\/14-1-768x777.jpg 768w, https:\/\/murilorubiao.com.br\/wp-content\/uploads\/2022\/07\/14-1-1519x1536.jpg 1519w, https:\/\/murilorubiao.com.br\/wp-content\/uploads\/2022\/07\/14-1-2025x2048.jpg 2025w, https:\/\/murilorubiao.com.br\/wp-content\/uploads\/2022\/07\/14-1-791x800.jpg 791w, https:\/\/murilorubiao.com.br\/wp-content\/uploads\/2022\/07\/14-1-1285x1300.jpg 1285w, https:\/\/murilorubiao.com.br\/wp-content\/uploads\/2022\/07\/14-1-50x50.jpg 50w, https:\/\/murilorubiao.com.br\/wp-content\/uploads\/2022\/07\/14-1-600x607.jpg 600w, https:\/\/murilorubiao.com.br\/wp-content\/uploads\/2022\/07\/14-1-100x100.jpg 100w\" sizes=\"(max-width: 297px) 100vw, 297px\" \/><\/a>\n\t\t\t<\/div>\n\t\t\t\t<figcaption class='wp-caption-text gallery-caption' id='gallery-1-3423'>\n\t\t\t\t[Fot\u00f3grafo n\u00e3o identificado]. Belo Horizonte, maio 1958. Da esquerda para a direita: Moacir Andrade (diretor), Murilo Rubi\u00e3o, Djalma Pimenta e F. Lessa em homenagem aos funcion\u00e1rios da R\u00e1dio Inconfid\u00eancia.\n\t\t\t\t<\/figcaption><\/figure><figure class='gallery-item'>\n\t\t\t<div class='gallery-icon portrait'>\n\t\t\t\t<a data-elementor-open-lightbox=\"yes\" data-elementor-lightbox-slideshow=\"4827194\" data-elementor-lightbox-title=\"15\" data-elementor-lightbox-description=\"[Fot\u00f3grafo n\u00e3o identificado]. Madri, Espanha, 1959. Murilo Rubi\u00e3o e Jo\u00e3o Cabral de Melo Neto. \" data-e-action-hash=\"#elementor-action%3Aaction%3Dlightbox%26settings%3DeyJpZCI6MzQyNCwidXJsIjoiaHR0cHM6XC9cL211cmlsb3J1Ymlhby5jb20uYnJcL3dwLWNvbnRlbnRcL3VwbG9hZHNcLzIwMjJcLzA3XC8xNS0xLXNjYWxlZC5qcGciLCJzbGlkZXNob3ciOiI0ODI3MTk0In0%3D\" href='https:\/\/murilorubiao.com.br\/wp-content\/uploads\/2022\/07\/15-1-scaled.jpg'><img loading=\"lazy\" decoding=\"async\" width=\"177\" height=\"300\" src=\"https:\/\/murilorubiao.com.br\/wp-content\/uploads\/2022\/07\/15-1-177x300.jpg\" class=\"attachment-medium size-medium\" alt=\"\" aria-describedby=\"gallery-1-3424\" srcset=\"https:\/\/murilorubiao.com.br\/wp-content\/uploads\/2022\/07\/15-1-177x300.jpg 177w, https:\/\/murilorubiao.com.br\/wp-content\/uploads\/2022\/07\/15-1-605x1024.jpg 605w, https:\/\/murilorubiao.com.br\/wp-content\/uploads\/2022\/07\/15-1-89x150.jpg 89w, https:\/\/murilorubiao.com.br\/wp-content\/uploads\/2022\/07\/15-1-768x1300.jpg 768w, https:\/\/murilorubiao.com.br\/wp-content\/uploads\/2022\/07\/15-1-908x1536.jpg 908w, https:\/\/murilorubiao.com.br\/wp-content\/uploads\/2022\/07\/15-1-1210x2048.jpg 1210w, https:\/\/murilorubiao.com.br\/wp-content\/uploads\/2022\/07\/15-1-473x800.jpg 473w, https:\/\/murilorubiao.com.br\/wp-content\/uploads\/2022\/07\/15-1-600x1015.jpg 600w, https:\/\/murilorubiao.com.br\/wp-content\/uploads\/2022\/07\/15-1-scaled.jpg 1513w\" sizes=\"(max-width: 177px) 100vw, 177px\" \/><\/a>\n\t\t\t<\/div>\n\t\t\t\t<figcaption class='wp-caption-text gallery-caption' id='gallery-1-3424'>\n\t\t\t\t[Fot\u00f3grafo n\u00e3o identificado]. Madri, Espanha, 1959. Murilo Rubi\u00e3o e Jo\u00e3o Cabral de Melo Neto. \n\t\t\t\t<\/figcaption><\/figure><figure class='gallery-item'>\n\t\t\t<div class='gallery-icon landscape'>\n\t\t\t\t<a data-elementor-open-lightbox=\"yes\" data-elementor-lightbox-slideshow=\"4827194\" data-elementor-lightbox-title=\"16\" data-elementor-lightbox-description=\"[Fot\u00f3grafo n\u00e3o identificado]. [Belo Horizonte], abr. 1967. Da esquerda para a direita: La\u00eds Corr\u00eaa de Ara\u00fajo, Luiz Vilela, Murilo Rubi\u00e3o, Ad\u00e3o Ventura, Affonso \u00c1vila, M\u00e1rcio Sampaio e outros no lan\u00e7amento do livro O tremor de Terra, de Vilela, na livraria do estudante. \" data-e-action-hash=\"#elementor-action%3Aaction%3Dlightbox%26settings%3DeyJpZCI6MzQyNSwidXJsIjoiaHR0cHM6XC9cL211cmlsb3J1Ymlhby5jb20uYnJcL3dwLWNvbnRlbnRcL3VwbG9hZHNcLzIwMjJcLzA3XC8xNi0xLXNjYWxlZC5qcGciLCJzbGlkZXNob3ciOiI0ODI3MTk0In0%3D\" href='https:\/\/murilorubiao.com.br\/wp-content\/uploads\/2022\/07\/16-1-scaled.jpg'><img loading=\"lazy\" decoding=\"async\" width=\"300\" height=\"228\" src=\"https:\/\/murilorubiao.com.br\/wp-content\/uploads\/2022\/07\/16-1-300x228.jpg\" class=\"attachment-medium size-medium\" alt=\"\" aria-describedby=\"gallery-1-3425\" \/><\/a>\n\t\t\t<\/div>\n\t\t\t\t<figcaption class='wp-caption-text gallery-caption' id='gallery-1-3425'>\n\t\t\t\t[Fot\u00f3grafo n\u00e3o identificado]. [Belo Horizonte], abr. 1967. Da esquerda para a direita: La\u00eds Corr\u00eaa de Ara\u00fajo, Luiz Vilela, Murilo Rubi\u00e3o, Ad\u00e3o Ventura, Affonso \u00c1vila, M\u00e1rcio Sampaio e outros no lan\u00e7amento do livro O tremor de Terra, de Vilela, na livraria do estudante. \n\t\t\t\t<\/figcaption><\/figure><figure class='gallery-item'>\n\t\t\t<div class='gallery-icon landscape'>\n\t\t\t\t<a data-elementor-open-lightbox=\"yes\" data-elementor-lightbox-slideshow=\"4827194\" data-elementor-lightbox-title=\"17\" data-elementor-lightbox-description=\"[Fot\u00f3grafo n\u00e3o identificado]. Belo Horizonte, jun. 1967. Da esquerda para a direita: Murilo Rubi\u00e3o, Mary Vieira, L\u00facia Machado de Almeida, C\u00e9lia Laborbe, Marina de Aquino, M\u00e1rcio Sampaio e Chanina na resid\u00eancia de L\u00facia Machado de Almeida.\" data-e-action-hash=\"#elementor-action%3Aaction%3Dlightbox%26settings%3DeyJpZCI6MzQzOSwidXJsIjoiaHR0cHM6XC9cL211cmlsb3J1Ymlhby5jb20uYnJcL3dwLWNvbnRlbnRcL3VwbG9hZHNcLzIwMjJcLzA3XC8xNy0xLXNjYWxlZC5qcGciLCJzbGlkZXNob3ciOiI0ODI3MTk0In0%3D\" href='https:\/\/murilorubiao.com.br\/wp-content\/uploads\/2022\/07\/17-1-scaled.jpg'><img loading=\"lazy\" decoding=\"async\" width=\"300\" height=\"205\" src=\"https:\/\/murilorubiao.com.br\/wp-content\/uploads\/2022\/07\/17-1-300x205.jpg\" class=\"attachment-medium size-medium\" alt=\"\" aria-describedby=\"gallery-1-3439\" srcset=\"https:\/\/murilorubiao.com.br\/wp-content\/uploads\/2022\/07\/17-1-300x205.jpg 300w, https:\/\/murilorubiao.com.br\/wp-content\/uploads\/2022\/07\/17-1-1024x701.jpg 1024w, https:\/\/murilorubiao.com.br\/wp-content\/uploads\/2022\/07\/17-1-150x103.jpg 150w, https:\/\/murilorubiao.com.br\/wp-content\/uploads\/2022\/07\/17-1-768x526.jpg 768w, https:\/\/murilorubiao.com.br\/wp-content\/uploads\/2022\/07\/17-1-1536x1052.jpg 1536w, https:\/\/murilorubiao.com.br\/wp-content\/uploads\/2022\/07\/17-1-2048x1402.jpg 2048w, https:\/\/murilorubiao.com.br\/wp-content\/uploads\/2022\/07\/17-1-800x548.jpg 800w, https:\/\/murilorubiao.com.br\/wp-content\/uploads\/2022\/07\/17-1-1300x890.jpg 1300w, https:\/\/murilorubiao.com.br\/wp-content\/uploads\/2022\/07\/17-1-600x411.jpg 600w\" sizes=\"(max-width: 300px) 100vw, 300px\" \/><\/a>\n\t\t\t<\/div>\n\t\t\t\t<figcaption class='wp-caption-text gallery-caption' id='gallery-1-3439'>\n\t\t\t\t[Fot\u00f3grafo n\u00e3o identificado]. Belo Horizonte, jun. 1967. Da esquerda para a direita: Murilo Rubi\u00e3o, Mary Vieira, L\u00facia Machado de Almeida, C\u00e9lia Laborbe, Marina de Aquino, M\u00e1rcio Sampaio e Chanina na resid\u00eancia de L\u00facia Machado de Almeida.\n\t\t\t\t<\/figcaption><\/figure><figure class='gallery-item'>\n\t\t\t<div class='gallery-icon landscape'>\n\t\t\t\t<a data-elementor-open-lightbox=\"yes\" data-elementor-lightbox-slideshow=\"4827194\" data-elementor-lightbox-title=\"18\" data-elementor-lightbox-description=\"[Fot\u00f3grafo n\u00e3o identificado]. Belo Horizonte, abr. 1968. Da esquerda para a direita: La\u00eds Corr\u00eaa de Ara\u00fajo, Murilo Rubi\u00e3o, Ana Hatherly e Affonso \u00c1vila.\" data-e-action-hash=\"#elementor-action%3Aaction%3Dlightbox%26settings%3DeyJpZCI6MzQyNiwidXJsIjoiaHR0cHM6XC9cL211cmlsb3J1Ymlhby5jb20uYnJcL3dwLWNvbnRlbnRcL3VwbG9hZHNcLzIwMjJcLzA3XC8xOC0xLXNjYWxlZC5qcGciLCJzbGlkZXNob3ciOiI0ODI3MTk0In0%3D\" href='https:\/\/murilorubiao.com.br\/wp-content\/uploads\/2022\/07\/18-1-scaled.jpg'><img loading=\"lazy\" decoding=\"async\" width=\"300\" height=\"255\" src=\"https:\/\/murilorubiao.com.br\/wp-content\/uploads\/2022\/07\/18-1-300x255.jpg\" class=\"attachment-medium size-medium\" alt=\"\" aria-describedby=\"gallery-1-3426\" srcset=\"https:\/\/murilorubiao.com.br\/wp-content\/uploads\/2022\/07\/18-1-300x255.jpg 300w, https:\/\/murilorubiao.com.br\/wp-content\/uploads\/2022\/07\/18-1-1024x870.jpg 1024w, https:\/\/murilorubiao.com.br\/wp-content\/uploads\/2022\/07\/18-1-150x127.jpg 150w, https:\/\/murilorubiao.com.br\/wp-content\/uploads\/2022\/07\/18-1-768x652.jpg 768w, https:\/\/murilorubiao.com.br\/wp-content\/uploads\/2022\/07\/18-1-1536x1305.jpg 1536w, https:\/\/murilorubiao.com.br\/wp-content\/uploads\/2022\/07\/18-1-2048x1740.jpg 2048w, https:\/\/murilorubiao.com.br\/wp-content\/uploads\/2022\/07\/18-1-800x680.jpg 800w, https:\/\/murilorubiao.com.br\/wp-content\/uploads\/2022\/07\/18-1-1300x1104.jpg 1300w, https:\/\/murilorubiao.com.br\/wp-content\/uploads\/2022\/07\/18-1-600x510.jpg 600w\" sizes=\"(max-width: 300px) 100vw, 300px\" \/><\/a>\n\t\t\t<\/div>\n\t\t\t\t<figcaption class='wp-caption-text gallery-caption' id='gallery-1-3426'>\n\t\t\t\t[Fot\u00f3grafo n\u00e3o identificado]. Belo Horizonte, abr. 1968. Da esquerda para a direita: La\u00eds Corr\u00eaa de Ara\u00fajo, Murilo Rubi\u00e3o, Ana Hatherly e Affonso \u00c1vila.\n\t\t\t\t<\/figcaption><\/figure><figure class='gallery-item'>\n\t\t\t<div class='gallery-icon landscape'>\n\t\t\t\t<a data-elementor-open-lightbox=\"yes\" data-elementor-lightbox-slideshow=\"4827194\" data-elementor-lightbox-title=\"19\" data-elementor-lightbox-description=\"[Fot\u00f3grafo n\u00e3o identificado]. Belo Horizonte, maio 1968. Da esquerda para a direita: Affonso \u00c1vila, Ildeu Brand\u00e3o, D\u00e9cio Pignatari e Murilo Rubi\u00e3o na reda\u00e7\u00e3o do Suplemento Liter\u00e1rio.\" data-e-action-hash=\"#elementor-action%3Aaction%3Dlightbox%26settings%3DeyJpZCI6MzQyNywidXJsIjoiaHR0cHM6XC9cL211cmlsb3J1Ymlhby5jb20uYnJcL3dwLWNvbnRlbnRcL3VwbG9hZHNcLzIwMjJcLzA3XC8xOS0xLXNjYWxlZC5qcGciLCJzbGlkZXNob3ciOiI0ODI3MTk0In0%3D\" href='https:\/\/murilorubiao.com.br\/wp-content\/uploads\/2022\/07\/19-1-scaled.jpg'><img loading=\"lazy\" decoding=\"async\" width=\"300\" height=\"239\" src=\"https:\/\/murilorubiao.com.br\/wp-content\/uploads\/2022\/07\/19-1-300x239.jpg\" class=\"attachment-medium size-medium\" alt=\"\" aria-describedby=\"gallery-1-3427\" srcset=\"https:\/\/murilorubiao.com.br\/wp-content\/uploads\/2022\/07\/19-1-300x239.jpg 300w, https:\/\/murilorubiao.com.br\/wp-content\/uploads\/2022\/07\/19-1-1024x816.jpg 1024w, https:\/\/murilorubiao.com.br\/wp-content\/uploads\/2022\/07\/19-1-150x120.jpg 150w, https:\/\/murilorubiao.com.br\/wp-content\/uploads\/2022\/07\/19-1-768x612.jpg 768w, https:\/\/murilorubiao.com.br\/wp-content\/uploads\/2022\/07\/19-1-1536x1224.jpg 1536w, https:\/\/murilorubiao.com.br\/wp-content\/uploads\/2022\/07\/19-1-2048x1632.jpg 2048w, https:\/\/murilorubiao.com.br\/wp-content\/uploads\/2022\/07\/19-1-800x638.jpg 800w, https:\/\/murilorubiao.com.br\/wp-content\/uploads\/2022\/07\/19-1-1300x1036.jpg 1300w, https:\/\/murilorubiao.com.br\/wp-content\/uploads\/2022\/07\/19-1-600x478.jpg 600w\" sizes=\"(max-width: 300px) 100vw, 300px\" \/><\/a>\n\t\t\t<\/div>\n\t\t\t\t<figcaption class='wp-caption-text gallery-caption' id='gallery-1-3427'>\n\t\t\t\t[Fot\u00f3grafo n\u00e3o identificado]. Belo Horizonte, maio 1968. Da esquerda para a direita: Affonso \u00c1vila, Ildeu Brand\u00e3o, D\u00e9cio Pignatari e Murilo Rubi\u00e3o na reda\u00e7\u00e3o do Suplemento Liter\u00e1rio.\n\t\t\t\t<\/figcaption><\/figure><figure class='gallery-item'>\n\t\t\t<div class='gallery-icon landscape'>\n\t\t\t\t<a data-elementor-open-lightbox=\"yes\" data-elementor-lightbox-slideshow=\"4827194\" data-elementor-lightbox-title=\"20\" data-elementor-lightbox-description=\"[Fot\u00f3grafo n\u00e3o identificado]. Belo Horizonte, jul. 1968. Murilo Rubi\u00e3o e Jos\u00e9 Carlos Lisboa.\" data-e-action-hash=\"#elementor-action%3Aaction%3Dlightbox%26settings%3DeyJpZCI6MzQyOCwidXJsIjoiaHR0cHM6XC9cL211cmlsb3J1Ymlhby5jb20uYnJcL3dwLWNvbnRlbnRcL3VwbG9hZHNcLzIwMjJcLzA3XC8yMC0xLXNjYWxlZC5qcGciLCJzbGlkZXNob3ciOiI0ODI3MTk0In0%3D\" href='https:\/\/murilorubiao.com.br\/wp-content\/uploads\/2022\/07\/20-1-scaled.jpg'><img loading=\"lazy\" decoding=\"async\" width=\"300\" height=\"258\" src=\"https:\/\/murilorubiao.com.br\/wp-content\/uploads\/2022\/07\/20-1-300x258.jpg\" class=\"attachment-medium size-medium\" alt=\"\" aria-describedby=\"gallery-1-3428\" srcset=\"https:\/\/murilorubiao.com.br\/wp-content\/uploads\/2022\/07\/20-1-300x258.jpg 300w, https:\/\/murilorubiao.com.br\/wp-content\/uploads\/2022\/07\/20-1-1024x880.jpg 1024w, https:\/\/murilorubiao.com.br\/wp-content\/uploads\/2022\/07\/20-1-150x129.jpg 150w, https:\/\/murilorubiao.com.br\/wp-content\/uploads\/2022\/07\/20-1-768x660.jpg 768w, https:\/\/murilorubiao.com.br\/wp-content\/uploads\/2022\/07\/20-1-1536x1320.jpg 1536w, https:\/\/murilorubiao.com.br\/wp-content\/uploads\/2022\/07\/20-1-2048x1760.jpg 2048w, https:\/\/murilorubiao.com.br\/wp-content\/uploads\/2022\/07\/20-1-800x687.jpg 800w, https:\/\/murilorubiao.com.br\/wp-content\/uploads\/2022\/07\/20-1-1300x1117.jpg 1300w, https:\/\/murilorubiao.com.br\/wp-content\/uploads\/2022\/07\/20-1-600x516.jpg 600w\" sizes=\"(max-width: 300px) 100vw, 300px\" \/><\/a>\n\t\t\t<\/div>\n\t\t\t\t<figcaption class='wp-caption-text gallery-caption' id='gallery-1-3428'>\n\t\t\t\t[Fot\u00f3grafo n\u00e3o identificado]. Belo Horizonte, jul. 1968. Murilo Rubi\u00e3o e Jos\u00e9 Carlos Lisboa.\n\t\t\t\t<\/figcaption><\/figure><figure class='gallery-item'>\n\t\t\t<div class='gallery-icon landscape'>\n\t\t\t\t<a data-elementor-open-lightbox=\"yes\" data-elementor-lightbox-slideshow=\"4827194\" data-elementor-lightbox-title=\"21\" data-elementor-lightbox-description=\"[Fot\u00f3grafo n\u00e3o identificado]. Belo Horizonte, 06 set. 1968. Da esquerda para a direita: Afonso \u00c1vila, Murilo Rubi\u00e3o, Jo\u00e3o Ant\u00f4nio e outras pessoas n\u00e3o identificadas em festa de comemora\u00e7\u00e3o do 3.\u00ba Anivers\u00e1rio do Suplemento Liter\u00e1rio.\" data-e-action-hash=\"#elementor-action%3Aaction%3Dlightbox%26settings%3DeyJpZCI6MzQyOSwidXJsIjoiaHR0cHM6XC9cL211cmlsb3J1Ymlhby5jb20uYnJcL3dwLWNvbnRlbnRcL3VwbG9hZHNcLzIwMjJcLzA3XC8yMS0xLXNjYWxlZC5qcGciLCJzbGlkZXNob3ciOiI0ODI3MTk0In0%3D\" href='https:\/\/murilorubiao.com.br\/wp-content\/uploads\/2022\/07\/21-1-scaled.jpg'><img loading=\"lazy\" decoding=\"async\" width=\"300\" height=\"217\" src=\"https:\/\/murilorubiao.com.br\/wp-content\/uploads\/2022\/07\/21-1-300x217.jpg\" class=\"attachment-medium size-medium\" alt=\"\" aria-describedby=\"gallery-1-3429\" srcset=\"https:\/\/murilorubiao.com.br\/wp-content\/uploads\/2022\/07\/21-1-300x217.jpg 300w, https:\/\/murilorubiao.com.br\/wp-content\/uploads\/2022\/07\/21-1-1024x741.jpg 1024w, https:\/\/murilorubiao.com.br\/wp-content\/uploads\/2022\/07\/21-1-150x109.jpg 150w, https:\/\/murilorubiao.com.br\/wp-content\/uploads\/2022\/07\/21-1-768x556.jpg 768w, https:\/\/murilorubiao.com.br\/wp-content\/uploads\/2022\/07\/21-1-1536x1112.jpg 1536w, https:\/\/murilorubiao.com.br\/wp-content\/uploads\/2022\/07\/21-1-2048x1482.jpg 2048w, https:\/\/murilorubiao.com.br\/wp-content\/uploads\/2022\/07\/21-1-800x579.jpg 800w, https:\/\/murilorubiao.com.br\/wp-content\/uploads\/2022\/07\/21-1-1300x941.jpg 1300w, https:\/\/murilorubiao.com.br\/wp-content\/uploads\/2022\/07\/21-1-600x434.jpg 600w\" sizes=\"(max-width: 300px) 100vw, 300px\" \/><\/a>\n\t\t\t<\/div>\n\t\t\t\t<figcaption class='wp-caption-text gallery-caption' id='gallery-1-3429'>\n\t\t\t\t[Fot\u00f3grafo n\u00e3o identificado]. Belo Horizonte, 06 set. 1968. Da esquerda para a direita: Afonso \u00c1vila, Murilo Rubi\u00e3o, Jo\u00e3o Ant\u00f4nio e outras pessoas n\u00e3o identificadas em festa de comemora\u00e7\u00e3o do 3.\u00ba Anivers\u00e1rio do Suplemento Liter\u00e1rio.\n\t\t\t\t<\/figcaption><\/figure><figure class='gallery-item'>\n\t\t\t<div class='gallery-icon landscape'>\n\t\t\t\t<a data-elementor-open-lightbox=\"yes\" data-elementor-lightbox-slideshow=\"4827194\" data-elementor-lightbox-title=\"22\" data-elementor-lightbox-description=\"[Fot\u00f3grafo n\u00e3o identificado]. Belo Horizonte, 06 set. 1968. Da esquerda para a direita: Murilo Rubi\u00e3o, Ala\u00edde Lisboa e Henriqueta Lisboa em festa de comemora\u00e7\u00e3o do 3.\u00ba Anivers\u00e1rio do Suplemento Liter\u00e1rio.\" data-e-action-hash=\"#elementor-action%3Aaction%3Dlightbox%26settings%3DeyJpZCI6MzQzMCwidXJsIjoiaHR0cHM6XC9cL211cmlsb3J1Ymlhby5jb20uYnJcL3dwLWNvbnRlbnRcL3VwbG9hZHNcLzIwMjJcLzA3XC8yMi0xLXNjYWxlZC5qcGciLCJzbGlkZXNob3ciOiI0ODI3MTk0In0%3D\" href='https:\/\/murilorubiao.com.br\/wp-content\/uploads\/2022\/07\/22-1-scaled.jpg'><img loading=\"lazy\" decoding=\"async\" width=\"300\" height=\"248\" src=\"https:\/\/murilorubiao.com.br\/wp-content\/uploads\/2022\/07\/22-1-300x248.jpg\" class=\"attachment-medium size-medium\" alt=\"\" aria-describedby=\"gallery-1-3430\" srcset=\"https:\/\/murilorubiao.com.br\/wp-content\/uploads\/2022\/07\/22-1-300x248.jpg 300w, https:\/\/murilorubiao.com.br\/wp-content\/uploads\/2022\/07\/22-1-1024x847.jpg 1024w, https:\/\/murilorubiao.com.br\/wp-content\/uploads\/2022\/07\/22-1-150x124.jpg 150w, https:\/\/murilorubiao.com.br\/wp-content\/uploads\/2022\/07\/22-1-768x635.jpg 768w, https:\/\/murilorubiao.com.br\/wp-content\/uploads\/2022\/07\/22-1-1536x1270.jpg 1536w, https:\/\/murilorubiao.com.br\/wp-content\/uploads\/2022\/07\/22-1-2048x1693.jpg 2048w, https:\/\/murilorubiao.com.br\/wp-content\/uploads\/2022\/07\/22-1-800x661.jpg 800w, https:\/\/murilorubiao.com.br\/wp-content\/uploads\/2022\/07\/22-1-1300x1075.jpg 1300w, https:\/\/murilorubiao.com.br\/wp-content\/uploads\/2022\/07\/22-1-600x496.jpg 600w\" sizes=\"(max-width: 300px) 100vw, 300px\" \/><\/a>\n\t\t\t<\/div>\n\t\t\t\t<figcaption class='wp-caption-text gallery-caption' id='gallery-1-3430'>\n\t\t\t\t[Fot\u00f3grafo n\u00e3o identificado]. Belo Horizonte, 06 set. 1968. Da esquerda para a direita: Murilo Rubi\u00e3o, Ala\u00edde Lisboa e Henriqueta Lisboa em festa de comemora\u00e7\u00e3o do 3.\u00ba Anivers\u00e1rio do Suplemento Liter\u00e1rio.\n\t\t\t\t<\/figcaption><\/figure><figure class='gallery-item'>\n\t\t\t<div class='gallery-icon landscape'>\n\t\t\t\t<a data-elementor-open-lightbox=\"yes\" data-elementor-lightbox-slideshow=\"4827194\" data-elementor-lightbox-title=\"23\" data-elementor-lightbox-description=\"[Fot\u00f3grafo n\u00e3o identificado]. Belo Horizonte, 23 jul. 1970. Otto Lara Resende e Murilo Rubi\u00e3o na reda\u00e7\u00e3o do Suplemento Liter\u00e1rio do Minas Gerais.\" data-e-action-hash=\"#elementor-action%3Aaction%3Dlightbox%26settings%3DeyJpZCI6MzQ0MSwidXJsIjoiaHR0cHM6XC9cL211cmlsb3J1Ymlhby5jb20uYnJcL3dwLWNvbnRlbnRcL3VwbG9hZHNcLzIwMjJcLzA3XC8yMy0xLXNjYWxlZC5qcGciLCJzbGlkZXNob3ciOiI0ODI3MTk0In0%3D\" href='https:\/\/murilorubiao.com.br\/wp-content\/uploads\/2022\/07\/23-1-scaled.jpg'><img loading=\"lazy\" decoding=\"async\" width=\"300\" height=\"215\" src=\"https:\/\/murilorubiao.com.br\/wp-content\/uploads\/2022\/07\/23-1-300x215.jpg\" class=\"attachment-medium size-medium\" alt=\"\" aria-describedby=\"gallery-1-3441\" srcset=\"https:\/\/murilorubiao.com.br\/wp-content\/uploads\/2022\/07\/23-1-300x215.jpg 300w, https:\/\/murilorubiao.com.br\/wp-content\/uploads\/2022\/07\/23-1-1024x733.jpg 1024w, https:\/\/murilorubiao.com.br\/wp-content\/uploads\/2022\/07\/23-1-150x107.jpg 150w, https:\/\/murilorubiao.com.br\/wp-content\/uploads\/2022\/07\/23-1-768x550.jpg 768w, https:\/\/murilorubiao.com.br\/wp-content\/uploads\/2022\/07\/23-1-1536x1100.jpg 1536w, https:\/\/murilorubiao.com.br\/wp-content\/uploads\/2022\/07\/23-1-2048x1467.jpg 2048w, https:\/\/murilorubiao.com.br\/wp-content\/uploads\/2022\/07\/23-1-800x573.jpg 800w, https:\/\/murilorubiao.com.br\/wp-content\/uploads\/2022\/07\/23-1-1300x931.jpg 1300w, https:\/\/murilorubiao.com.br\/wp-content\/uploads\/2022\/07\/23-1-600x430.jpg 600w\" sizes=\"(max-width: 300px) 100vw, 300px\" \/><\/a>\n\t\t\t<\/div>\n\t\t\t\t<figcaption class='wp-caption-text gallery-caption' id='gallery-1-3441'>\n\t\t\t\t[Fot\u00f3grafo n\u00e3o identificado]. Belo Horizonte, 23 jul. 1970. Otto Lara Resende e Murilo Rubi\u00e3o na reda\u00e7\u00e3o do Suplemento Liter\u00e1rio do Minas Gerais.\n\t\t\t\t<\/figcaption><\/figure><figure class='gallery-item'>\n\t\t\t<div class='gallery-icon landscape'>\n\t\t\t\t<a data-elementor-open-lightbox=\"yes\" data-elementor-lightbox-slideshow=\"4827194\" data-elementor-lightbox-title=\"24\" data-elementor-lightbox-description=\"[Fot\u00f3grafo n\u00e3o identificado]. Belo Horizonte, abr. 1973. Da esquerda para a direita: Roberto Drummond, Murilo Rubi\u00e3o e Luiz Vilela.\" data-e-action-hash=\"#elementor-action%3Aaction%3Dlightbox%26settings%3DeyJpZCI6MzQzMiwidXJsIjoiaHR0cHM6XC9cL211cmlsb3J1Ymlhby5jb20uYnJcL3dwLWNvbnRlbnRcL3VwbG9hZHNcLzIwMjJcLzA3XC8yNC0xLXNjYWxlZC5qcGciLCJzbGlkZXNob3ciOiI0ODI3MTk0In0%3D\" href='https:\/\/murilorubiao.com.br\/wp-content\/uploads\/2022\/07\/24-1-scaled.jpg'><img loading=\"lazy\" decoding=\"async\" width=\"300\" height=\"196\" src=\"https:\/\/murilorubiao.com.br\/wp-content\/uploads\/2022\/07\/24-1-300x196.jpg\" class=\"attachment-medium size-medium\" alt=\"\" aria-describedby=\"gallery-1-3432\" srcset=\"https:\/\/murilorubiao.com.br\/wp-content\/uploads\/2022\/07\/24-1-300x196.jpg 300w, https:\/\/murilorubiao.com.br\/wp-content\/uploads\/2022\/07\/24-1-1024x668.jpg 1024w, https:\/\/murilorubiao.com.br\/wp-content\/uploads\/2022\/07\/24-1-150x98.jpg 150w, https:\/\/murilorubiao.com.br\/wp-content\/uploads\/2022\/07\/24-1-768x501.jpg 768w, https:\/\/murilorubiao.com.br\/wp-content\/uploads\/2022\/07\/24-1-1536x1002.jpg 1536w, https:\/\/murilorubiao.com.br\/wp-content\/uploads\/2022\/07\/24-1-2048x1336.jpg 2048w, https:\/\/murilorubiao.com.br\/wp-content\/uploads\/2022\/07\/24-1-800x522.jpg 800w, https:\/\/murilorubiao.com.br\/wp-content\/uploads\/2022\/07\/24-1-1300x848.jpg 1300w, https:\/\/murilorubiao.com.br\/wp-content\/uploads\/2022\/07\/24-1-600x391.jpg 600w\" sizes=\"(max-width: 300px) 100vw, 300px\" \/><\/a>\n\t\t\t<\/div>\n\t\t\t\t<figcaption class='wp-caption-text gallery-caption' id='gallery-1-3432'>\n\t\t\t\t[Fot\u00f3grafo n\u00e3o identificado]. Belo Horizonte, abr. 1973. Da esquerda para a direita: Roberto Drummond, Murilo Rubi\u00e3o e Luiz Vilela.\n\t\t\t\t<\/figcaption><\/figure><figure class='gallery-item'>\n\t\t\t<div class='gallery-icon landscape'>\n\t\t\t\t<a data-elementor-open-lightbox=\"yes\" data-elementor-lightbox-slideshow=\"4827194\" data-elementor-lightbox-title=\"25\" data-elementor-lightbox-description=\"[Fot\u00f3grafo n\u00e3o identificado]. [Belo Horizonte], jan. 1973. Da esquerda para a direita: os escritores, Murilo Rubi\u00e3o, H\u00e9lio Hermeto, Ant\u00f4nio Joaquim de Almeida, Jos\u00e9 Monteiro de Castro, Pedro Nava, Abgar Renault e \u00c2ngelo Oswaldo em casa de Let\u00edcia e Ant\u00f4nio Joaquim.\" data-e-action-hash=\"#elementor-action%3Aaction%3Dlightbox%26settings%3DeyJpZCI6MzQzMywidXJsIjoiaHR0cHM6XC9cL211cmlsb3J1Ymlhby5jb20uYnJcL3dwLWNvbnRlbnRcL3VwbG9hZHNcLzIwMjJcLzA3XC8yNS0xLXNjYWxlZC5qcGciLCJzbGlkZXNob3ciOiI0ODI3MTk0In0%3D\" href='https:\/\/murilorubiao.com.br\/wp-content\/uploads\/2022\/07\/25-1-scaled.jpg'><img loading=\"lazy\" decoding=\"async\" width=\"300\" height=\"238\" src=\"https:\/\/murilorubiao.com.br\/wp-content\/uploads\/2022\/07\/25-1-300x238.jpg\" class=\"attachment-medium size-medium\" alt=\"\" aria-describedby=\"gallery-1-3433\" srcset=\"https:\/\/murilorubiao.com.br\/wp-content\/uploads\/2022\/07\/25-1-300x238.jpg 300w, https:\/\/murilorubiao.com.br\/wp-content\/uploads\/2022\/07\/25-1-1024x812.jpg 1024w, https:\/\/murilorubiao.com.br\/wp-content\/uploads\/2022\/07\/25-1-150x119.jpg 150w, https:\/\/murilorubiao.com.br\/wp-content\/uploads\/2022\/07\/25-1-768x609.jpg 768w, https:\/\/murilorubiao.com.br\/wp-content\/uploads\/2022\/07\/25-1-1536x1218.jpg 1536w, https:\/\/murilorubiao.com.br\/wp-content\/uploads\/2022\/07\/25-1-2048x1624.jpg 2048w, https:\/\/murilorubiao.com.br\/wp-content\/uploads\/2022\/07\/25-1-800x634.jpg 800w, https:\/\/murilorubiao.com.br\/wp-content\/uploads\/2022\/07\/25-1-1300x1031.jpg 1300w, https:\/\/murilorubiao.com.br\/wp-content\/uploads\/2022\/07\/25-1-600x476.jpg 600w\" sizes=\"(max-width: 300px) 100vw, 300px\" \/><\/a>\n\t\t\t<\/div>\n\t\t\t\t<figcaption class='wp-caption-text gallery-caption' id='gallery-1-3433'>\n\t\t\t\t[Fot\u00f3grafo n\u00e3o identificado]. [Belo Horizonte], jan. 1973. Da esquerda para a direita: os escritores, Murilo Rubi\u00e3o, H\u00e9lio Hermeto, Ant\u00f4nio Joaquim de Almeida, Jos\u00e9 Monteiro de Castro, Pedro Nava, Abgar Renault e \u00c2ngelo Oswaldo em casa de Let\u00edcia e Ant\u00f4nio Joaquim.\n\t\t\t\t<\/figcaption><\/figure><figure class='gallery-item'>\n\t\t\t<div class='gallery-icon portrait'>\n\t\t\t\t<a data-elementor-open-lightbox=\"yes\" data-elementor-lightbox-slideshow=\"4827194\" data-elementor-lightbox-title=\"26\" data-elementor-lightbox-description=\"MEIRA, C\u00e9lio. Belo Horizonte, 18 out. 1974. Murilo Rubi\u00e3o e M\u00e1rio Sil\u00e9sio no lan\u00e7amento de O Pirot\u00e9cnico Zacarias. Retrato de Rubi\u00e3o feito por Sil\u00e9sio.\" data-e-action-hash=\"#elementor-action%3Aaction%3Dlightbox%26settings%3DeyJpZCI6MzQzNCwidXJsIjoiaHR0cHM6XC9cL211cmlsb3J1Ymlhby5jb20uYnJcL3dwLWNvbnRlbnRcL3VwbG9hZHNcLzIwMjJcLzA3XC8yNi0xLXNjYWxlZC5qcGciLCJzbGlkZXNob3ciOiI0ODI3MTk0In0%3D\" href='https:\/\/murilorubiao.com.br\/wp-content\/uploads\/2022\/07\/26-1-scaled.jpg'><img loading=\"lazy\" decoding=\"async\" width=\"224\" height=\"300\" src=\"https:\/\/murilorubiao.com.br\/wp-content\/uploads\/2022\/07\/26-1-224x300.jpg\" class=\"attachment-medium size-medium\" alt=\"\" aria-describedby=\"gallery-1-3434\" srcset=\"https:\/\/murilorubiao.com.br\/wp-content\/uploads\/2022\/07\/26-1-224x300.jpg 224w, https:\/\/murilorubiao.com.br\/wp-content\/uploads\/2022\/07\/26-1-765x1024.jpg 765w, https:\/\/murilorubiao.com.br\/wp-content\/uploads\/2022\/07\/26-1-112x150.jpg 112w, https:\/\/murilorubiao.com.br\/wp-content\/uploads\/2022\/07\/26-1-768x1028.jpg 768w, https:\/\/murilorubiao.com.br\/wp-content\/uploads\/2022\/07\/26-1-1147x1536.jpg 1147w, https:\/\/murilorubiao.com.br\/wp-content\/uploads\/2022\/07\/26-1-1530x2048.jpg 1530w, https:\/\/murilorubiao.com.br\/wp-content\/uploads\/2022\/07\/26-1-597x800.jpg 597w, https:\/\/murilorubiao.com.br\/wp-content\/uploads\/2022\/07\/26-1-971x1300.jpg 971w, https:\/\/murilorubiao.com.br\/wp-content\/uploads\/2022\/07\/26-1-600x803.jpg 600w, https:\/\/murilorubiao.com.br\/wp-content\/uploads\/2022\/07\/26-1-scaled.jpg 1912w\" sizes=\"(max-width: 224px) 100vw, 224px\" \/><\/a>\n\t\t\t<\/div>\n\t\t\t\t<figcaption class='wp-caption-text gallery-caption' id='gallery-1-3434'>\n\t\t\t\tMEIRA, C\u00e9lio. Belo Horizonte, 18 out. 1974. Murilo Rubi\u00e3o e M\u00e1rio Sil\u00e9sio no lan\u00e7amento de O Pirot\u00e9cnico Zacarias. Retrato de Rubi\u00e3o feito por Sil\u00e9sio.\n\t\t\t\t<\/figcaption><\/figure><figure class='gallery-item'>\n\t\t\t<div class='gallery-icon landscape'>\n\t\t\t\t<a data-elementor-open-lightbox=\"yes\" data-elementor-lightbox-slideshow=\"4827194\" data-elementor-lightbox-title=\"27\" data-elementor-lightbox-description=\"OT\u00c1VIO, Luiz. Belo Horizonte, nov. 1982. Da esquerda para a direita. Em p\u00e9: Francisco Iglesias, Murilo Rubi\u00e3o, Du\u00edlio Gomes, Mata Machado Filho e La\u00eds Correa de Ara\u00fajo. Agachados: Manoel Lobato, Roberto Drummond, Affonso \u00c1vila, Benito Barreto e Oswaldo Fran\u00e7a J\u00fanior.  \" data-e-action-hash=\"#elementor-action%3Aaction%3Dlightbox%26settings%3DeyJpZCI6MzQzNSwidXJsIjoiaHR0cHM6XC9cL211cmlsb3J1Ymlhby5jb20uYnJcL3dwLWNvbnRlbnRcL3VwbG9hZHNcLzIwMjJcLzA3XC8yNy0xLXNjYWxlZC5qcGciLCJzbGlkZXNob3ciOiI0ODI3MTk0In0%3D\" href='https:\/\/murilorubiao.com.br\/wp-content\/uploads\/2022\/07\/27-1-scaled.jpg'><img loading=\"lazy\" decoding=\"async\" width=\"300\" height=\"223\" src=\"https:\/\/murilorubiao.com.br\/wp-content\/uploads\/2022\/07\/27-1-300x223.jpg\" class=\"attachment-medium size-medium\" alt=\"\" aria-describedby=\"gallery-1-3435\" srcset=\"https:\/\/murilorubiao.com.br\/wp-content\/uploads\/2022\/07\/27-1-300x223.jpg 300w, https:\/\/murilorubiao.com.br\/wp-content\/uploads\/2022\/07\/27-1-1024x763.jpg 1024w, https:\/\/murilorubiao.com.br\/wp-content\/uploads\/2022\/07\/27-1-150x112.jpg 150w, https:\/\/murilorubiao.com.br\/wp-content\/uploads\/2022\/07\/27-1-768x572.jpg 768w, https:\/\/murilorubiao.com.br\/wp-content\/uploads\/2022\/07\/27-1-1536x1144.jpg 1536w, https:\/\/murilorubiao.com.br\/wp-content\/uploads\/2022\/07\/27-1-2048x1526.jpg 2048w, https:\/\/murilorubiao.com.br\/wp-content\/uploads\/2022\/07\/27-1-800x596.jpg 800w, https:\/\/murilorubiao.com.br\/wp-content\/uploads\/2022\/07\/27-1-1300x968.jpg 1300w, https:\/\/murilorubiao.com.br\/wp-content\/uploads\/2022\/07\/27-1-600x447.jpg 600w\" sizes=\"(max-width: 300px) 100vw, 300px\" \/><\/a>\n\t\t\t<\/div>\n\t\t\t\t<figcaption class='wp-caption-text gallery-caption' id='gallery-1-3435'>\n\t\t\t\tOT\u00c1VIO, Luiz. Belo Horizonte, nov. 1982. Da esquerda para a direita. Em p\u00e9: Francisco Iglesias, Murilo Rubi\u00e3o, Du\u00edlio Gomes, Mata Machado Filho e La\u00eds Correa de Ara\u00fajo. Agachados: Manoel Lobato, Roberto Drummond, Affonso \u00c1vila, Benito Barreto e Oswaldo Fran\u00e7a J\u00fanior.  \n\t\t\t\t<\/figcaption><\/figure><figure class='gallery-item'>\n\t\t\t<div class='gallery-icon landscape'>\n\t\t\t\t<a data-elementor-open-lightbox=\"yes\" data-elementor-lightbox-slideshow=\"4827194\" data-elementor-lightbox-title=\"28\" data-elementor-lightbox-description=\"[Fot\u00f3grafo n\u00e3o identificado]. Belo Horizonte, 15 mar. 1983. Da esquerda para a direita: H\u00e9lio Garcia, Murilo Rubi\u00e3o, Governador Tancredo Neves e outros no Pal\u00e1cio dos Despachos, na posse de Rubi\u00e3o no cargo de Diretor da Imprensa Oficial.\" data-e-action-hash=\"#elementor-action%3Aaction%3Dlightbox%26settings%3DeyJpZCI6MzQzNiwidXJsIjoiaHR0cHM6XC9cL211cmlsb3J1Ymlhby5jb20uYnJcL3dwLWNvbnRlbnRcL3VwbG9hZHNcLzIwMjJcLzA3XC8yOC0xLmpwZyIsInNsaWRlc2hvdyI6IjQ4MjcxOTQifQ%3D%3D\" href='https:\/\/murilorubiao.com.br\/wp-content\/uploads\/2022\/07\/28-1.jpg'><img loading=\"lazy\" decoding=\"async\" width=\"300\" height=\"294\" src=\"https:\/\/murilorubiao.com.br\/wp-content\/uploads\/2022\/07\/28-1-300x294.jpg\" class=\"attachment-medium size-medium\" alt=\"\" aria-describedby=\"gallery-1-3436\" srcset=\"https:\/\/murilorubiao.com.br\/wp-content\/uploads\/2022\/07\/28-1-300x294.jpg 300w, https:\/\/murilorubiao.com.br\/wp-content\/uploads\/2022\/07\/28-1-1024x1003.jpg 1024w, https:\/\/murilorubiao.com.br\/wp-content\/uploads\/2022\/07\/28-1-150x147.jpg 150w, https:\/\/murilorubiao.com.br\/wp-content\/uploads\/2022\/07\/28-1-768x752.jpg 768w, https:\/\/murilorubiao.com.br\/wp-content\/uploads\/2022\/07\/28-1-1536x1504.jpg 1536w, https:\/\/murilorubiao.com.br\/wp-content\/uploads\/2022\/07\/28-1-2048x2006.jpg 2048w, https:\/\/murilorubiao.com.br\/wp-content\/uploads\/2022\/07\/28-1-800x783.jpg 800w, https:\/\/murilorubiao.com.br\/wp-content\/uploads\/2022\/07\/28-1-1300x1273.jpg 1300w, https:\/\/murilorubiao.com.br\/wp-content\/uploads\/2022\/07\/28-1-50x50.jpg 50w\" sizes=\"(max-width: 300px) 100vw, 300px\" \/><\/a>\n\t\t\t<\/div>\n\t\t\t\t<figcaption class='wp-caption-text gallery-caption' id='gallery-1-3436'>\n\t\t\t\t[Fot\u00f3grafo n\u00e3o identificado]. Belo Horizonte, 15 mar. 1983. Da esquerda para a direita: H\u00e9lio Garcia, Murilo Rubi\u00e3o, Governador Tancredo Neves e outros no Pal\u00e1cio dos Despachos, na posse de Rubi\u00e3o no cargo de Diretor da Imprensa Oficial.\n\t\t\t\t<\/figcaption><\/figure><figure class='gallery-item'>\n\t\t\t<div class='gallery-icon landscape'>\n\t\t\t\t<a data-elementor-open-lightbox=\"yes\" data-elementor-lightbox-slideshow=\"4827194\" data-elementor-lightbox-title=\"29\" data-elementor-lightbox-description=\"[Fot\u00f3grafo n\u00e3o identificado]. Belo Horizonte, 06 out.1984. Homenagem organizada pela Assessoria de Imprensa do Governo de Minas a Murilo Rubi\u00e3o, no Minas T\u00eanis Clube. Da esquerda para a direita: Otto Lara Resende, Aires da Mata Machado Filho, Alphonsus de Guimaraens Filho, H\u00e9lio Pellegrino, Jos\u00e9 Aparecido de Oliveira, Murilo Rubi\u00e3o, \u00c1lvaro Jos\u00e9 de Oliveira, Paulo Mendes Campos, Jos\u00e9 de Ara\u00fajo Cotta e J. D. Vital. \" data-e-action-hash=\"#elementor-action%3Aaction%3Dlightbox%26settings%3DeyJpZCI6MzQ0MiwidXJsIjoiaHR0cHM6XC9cL211cmlsb3J1Ymlhby5jb20uYnJcL3dwLWNvbnRlbnRcL3VwbG9hZHNcLzIwMjJcLzA3XC8yOS0xLmpwZyIsInNsaWRlc2hvdyI6IjQ4MjcxOTQifQ%3D%3D\" href='https:\/\/murilorubiao.com.br\/wp-content\/uploads\/2022\/07\/29-1.jpg'><img loading=\"lazy\" decoding=\"async\" width=\"300\" height=\"192\" src=\"https:\/\/murilorubiao.com.br\/wp-content\/uploads\/2022\/07\/29-1-300x192.jpg\" class=\"attachment-medium size-medium\" alt=\"\" aria-describedby=\"gallery-1-3442\" srcset=\"https:\/\/murilorubiao.com.br\/wp-content\/uploads\/2022\/07\/29-1-300x192.jpg 300w, https:\/\/murilorubiao.com.br\/wp-content\/uploads\/2022\/07\/29-1-1024x656.jpg 1024w, https:\/\/murilorubiao.com.br\/wp-content\/uploads\/2022\/07\/29-1-150x96.jpg 150w, https:\/\/murilorubiao.com.br\/wp-content\/uploads\/2022\/07\/29-1-768x492.jpg 768w, https:\/\/murilorubiao.com.br\/wp-content\/uploads\/2022\/07\/29-1-1536x984.jpg 1536w, https:\/\/murilorubiao.com.br\/wp-content\/uploads\/2022\/07\/29-1-800x513.jpg 800w, https:\/\/murilorubiao.com.br\/wp-content\/uploads\/2022\/07\/29-1-1300x833.jpg 1300w, https:\/\/murilorubiao.com.br\/wp-content\/uploads\/2022\/07\/29-1-600x385.jpg 600w, https:\/\/murilorubiao.com.br\/wp-content\/uploads\/2022\/07\/29-1.jpg 1969w\" sizes=\"(max-width: 300px) 100vw, 300px\" \/><\/a>\n\t\t\t<\/div>\n\t\t\t\t<figcaption class='wp-caption-text gallery-caption' id='gallery-1-3442'>\n\t\t\t\t[Fot\u00f3grafo n\u00e3o identificado]. Belo Horizonte, 06 out.1984. Homenagem organizada pela Assessoria de Imprensa do Governo de Minas a Murilo Rubi\u00e3o, no Minas T\u00eanis Clube. Da esquerda para a direita: Otto Lara Resende, Aires da Mata Machado Filho, Alphonsus de Guimaraens Filho, H\u00e9lio Pellegrino, Jos\u00e9 Aparecido de Oliveira, Murilo Rubi\u00e3o, \u00c1lvaro Jos\u00e9 de Oliveira, Paulo Mendes Campos, Jos\u00e9 de Ara\u00fajo Cotta e J. D. Vital. \n\t\t\t\t<\/figcaption><\/figure><figure class='gallery-item'>\n\t\t\t<div class='gallery-icon landscape'>\n\t\t\t\t<a data-elementor-open-lightbox=\"yes\" data-elementor-lightbox-slideshow=\"4827194\" data-elementor-lightbox-title=\"30\" data-elementor-lightbox-description=\"Washington Alvez. Belo Horizonte, 21 jul. 1988. Autran Dourado e Murilo Rubi\u00e3o.\" data-e-action-hash=\"#elementor-action%3Aaction%3Dlightbox%26settings%3DeyJpZCI6MzQ0MywidXJsIjoiaHR0cHM6XC9cL211cmlsb3J1Ymlhby5jb20uYnJcL3dwLWNvbnRlbnRcL3VwbG9hZHNcLzIwMjJcLzA3XC8zMC5qcGciLCJzbGlkZXNob3ciOiI0ODI3MTk0In0%3D\" href='https:\/\/murilorubiao.com.br\/wp-content\/uploads\/2022\/07\/30.jpg'><img loading=\"lazy\" decoding=\"async\" width=\"300\" height=\"187\" src=\"https:\/\/murilorubiao.com.br\/wp-content\/uploads\/2022\/07\/30-300x187.jpg\" class=\"attachment-medium size-medium\" alt=\"\" aria-describedby=\"gallery-1-3443\" srcset=\"https:\/\/murilorubiao.com.br\/wp-content\/uploads\/2022\/07\/30-300x187.jpg 300w, https:\/\/murilorubiao.com.br\/wp-content\/uploads\/2022\/07\/30-1024x639.jpg 1024w, https:\/\/murilorubiao.com.br\/wp-content\/uploads\/2022\/07\/30-150x94.jpg 150w, https:\/\/murilorubiao.com.br\/wp-content\/uploads\/2022\/07\/30-768x479.jpg 768w, https:\/\/murilorubiao.com.br\/wp-content\/uploads\/2022\/07\/30-1536x959.jpg 1536w, https:\/\/murilorubiao.com.br\/wp-content\/uploads\/2022\/07\/30-2048x1278.jpg 2048w, https:\/\/murilorubiao.com.br\/wp-content\/uploads\/2022\/07\/30-800x499.jpg 800w, https:\/\/murilorubiao.com.br\/wp-content\/uploads\/2022\/07\/30-1300x811.jpg 1300w, https:\/\/murilorubiao.com.br\/wp-content\/uploads\/2022\/07\/30-600x374.jpg 600w\" sizes=\"(max-width: 300px) 100vw, 300px\" \/><\/a>\n\t\t\t<\/div>\n\t\t\t\t<figcaption class='wp-caption-text gallery-caption' id='gallery-1-3443'>\n\t\t\t\tWashington Alvez. Belo Horizonte, 21 jul. 1988. Autran Dourado e Murilo Rubi\u00e3o.\n\t\t\t\t<\/figcaption><\/figure>\n\t\t<\/div>\n\t\t<\/div>\n\t\t\t\t<\/div>\n\t\t\t\t<\/div>\n\t\t\t\t\t<\/div>\n\t\t<\/div>\n\t\t\t\t\t<\/div>\n\t\t<\/section>\n\t\t\t\t<section class=\"elementor-section elementor-top-section elementor-element elementor-element-8010bbf elementor-section-boxed elementor-section-height-default elementor-section-height-default\" data-id=\"8010bbf\" data-element_type=\"section\">\n\t\t\t\t\t\t<div class=\"elementor-container elementor-column-gap-default\">\n\t\t\t\t\t<div class=\"elementor-column elementor-col-100 elementor-top-column elementor-element elementor-element-32edcc7\" data-id=\"32edcc7\" data-element_type=\"column\">\n\t\t\t<div class=\"elementor-widget-wrap elementor-element-populated\">\n\t\t\t\t\t\t<div class=\"elementor-element elementor-element-daec11a elementor-widget-divider--view-line elementor-widget elementor-widget-divider\" data-id=\"daec11a\" data-element_type=\"widget\" data-widget_type=\"divider.default\">\n\t\t\t\t<div class=\"elementor-widget-container\">\n\t\t\t\t\t<div class=\"elementor-divider\">\n\t\t\t<span class=\"elementor-divider-separator\">\n\t\t\t\t\t\t<\/span>\n\t\t<\/div>\n\t\t\t\t<\/div>\n\t\t\t\t<\/div>\n\t\t\t\t\t<\/div>\n\t\t<\/div>\n\t\t\t\t\t<\/div>\n\t\t<\/section>\n\t\t\t\t<\/div>\n\t\t","protected":false},"excerpt":{"rendered":"<p>Galeria &gt; Vida P\u00fablica [Fot\u00f3grafo n\u00e3o identificado]. Belo Horizonte, nov. 1939. Escritores na Gare da Central do Brasil por ocasi\u00e3o da chegada de M\u00e1rio de&#8230;<\/p>\n","protected":false},"author":1,"featured_media":0,"parent":3296,"menu_order":3,"comment_status":"closed","ping_status":"closed","template":"","meta":{"footnotes":""},"class_list":["post-3403","page","type-page","status-publish","hentry"],"_links":{"self":[{"href":"https:\/\/murilorubiao.com.br\/index.php\/wp-json\/wp\/v2\/pages\/3403","targetHints":{"allow":["GET"]}}],"collection":[{"href":"https:\/\/murilorubiao.com.br\/index.php\/wp-json\/wp\/v2\/pages"}],"about":[{"href":"https:\/\/murilorubiao.com.br\/index.php\/wp-json\/wp\/v2\/types\/page"}],"author":[{"embeddable":true,"href":"https:\/\/murilorubiao.com.br\/index.php\/wp-json\/wp\/v2\/users\/1"}],"replies":[{"embeddable":true,"href":"https:\/\/murilorubiao.com.br\/index.php\/wp-json\/wp\/v2\/comments?post=3403"}],"version-history":[{"count":14,"href":"https:\/\/murilorubiao.com.br\/index.php\/wp-json\/wp\/v2\/pages\/3403\/revisions"}],"predecessor-version":[{"id":4159,"href":"https:\/\/murilorubiao.com.br\/index.php\/wp-json\/wp\/v2\/pages\/3403\/revisions\/4159"}],"up":[{"embeddable":true,"href":"https:\/\/murilorubiao.com.br\/index.php\/wp-json\/wp\/v2\/pages\/3296"}],"wp:attachment":[{"href":"https:\/\/murilorubiao.com.br\/index.php\/wp-json\/wp\/v2\/media?parent=3403"}],"curies":[{"name":"wp","href":"https:\/\/api.w.org\/{rel}","templated":true}]}}